{"id":13070,"date":"2020-05-05T17:09:53","date_gmt":"2020-05-05T15:09:53","guid":{"rendered":"https:\/\/www.gitedello.fr\/?page_id=13070"},"modified":"2025-12-18T16:00:04","modified_gmt":"2025-12-18T15:00:04","slug":"mesa-de-huespedes","status":"publish","type":"page","link":"https:\/\/www.gitedello.fr\/es\/mesa-de-huespedes\/","title":{"rendered":"Mesa de hu\u00e9spedes"},"content":{"rendered":"<div class=\"wpb-content-wrapper\"><p>[vc_row][vc_column][vc_row_inner][vc_column_inner width=\u00bb1\/4&#8243; css=\u00bb.vc_custom_1558017131795{padding-top: 50px !important;padding-right: 30px !important;padding-bottom: 20px !important;padding-left: 30px !important;background-color: #3f9a82 !important;}\u00bb]<div class='dt-sc-icon-box type4 white-text'><div class=\"icon-wrapper\"><img loading=\"lazy\" decoding=\"async\" width=\"46\" height=\"41\" src=\"https:\/\/www.gitedello.fr\/wp-content\/uploads\/2019\/05\/picto_breakfast.png\" class=\"attachment-full\" alt=\"\" title=\"Picto Breakfast\" \/><\/div><div class=\"icon-content\"><p><strong>Desayuno<\/strong><\/p>\n<p>Est\u00e1 incluido para todas las reservas.<\/p>\n<p>Todas las ma\u00f1anas se sirve un desayuno completo y variado de 7:30 a 9:00.<\/p><\/div><\/div>[\/vc_column_inner][vc_column_inner width=\u00bb3\/4&#8243; css=\u00bb.vc_custom_1558017436903{padding-top: 30px !important;padding-left: 30px !important;}\u00bb][vc_custom_heading text=\u00bbMen\u00fas \u00fanicos con sabores locales\u00bb font_container=\u00bbtag:h2|text_align:left|color:%233f9a82&#8243; use_theme_fonts=\u00bbyes\u00bb css=\u00bb.vc_custom_1558018327419{margin-bottom: 5px !important;}\u00bb][vc_custom_heading text=\u00bbEn la medida de lo posible, productos procedentes de la agricultura sostenible (etiqueta AB)\u00bb font_container=\u00bbtag:h4|text_align:left|color:%23a1cd73&#8243; use_theme_fonts=\u00bbyes\u00bb css=\u00bb.vc_custom_1705398231276{margin-bottom: 50px !important;}\u00bb][vc_column_text]<strong>Precios : 26,50\u20ac\/adulto,\u00a0 12\u20ac\/ni\u00f1o de 3 a 9 a\u00f1os, 17\u20ac de 10 a 14 a\u00f1os.<\/strong><\/p>\n<p><strong>Durante la temporada alta, previa reserva, con al menos 24 horas de antelaci\u00f3n.<\/strong> Durante el resto del a\u00f1o, la mesa de hu\u00e9spedes puede ofrecerse en ciertas noches. <em>M\u00ednimo 8 personas.<\/em><br \/>P\u00f3ngase en contacto con nosotros por correo electr\u00f3nico o por tel\u00e9fono.<br \/><strong>Men\u00fas \u00fanicos :<\/strong> Entrante, plato principal, postre e infusiones.<br \/>Adaptaci\u00f3n de comidas para vegetarianos.<br \/>Vinos y aperitivos con coste adicional.<br \/><strong>Comidas servidas alrededor de las 7:30 p.m. \/ 8 p.m.<\/strong><\/p>\n<p>&nbsp;<\/p>\n<p style=\"text-align: center;\"><strong>\u00a0<\/strong><\/p>\n<p>[\/vc_column_text][\/vc_column_inner][\/vc_row_inner][\/vc_column][\/vc_row][vc_row full_width=\u00bbstretch_row\u00bb css=\u00bb.vc_custom_1558017546777{padding-top: 50px !important;background-color: #f8f8f8 !important;}\u00bb][vc_column][vc_row_inner][vc_column_inner width=\u00bb1\/2&#8243;]<div class='dt-sc-icon-box type4 '><div class=\"icon-wrapper\"><img loading=\"lazy\" decoding=\"async\" width=\"80\" height=\"60\" src=\"https:\/\/www.gitedello.fr\/wp-content\/uploads\/2018\/05\/icon-dinner.png\" class=\"attachment-full\" alt=\"\" title=\"Icon Dinner\" \/><\/div><div class=\"icon-content\"><p><strong>Cocina compartida<\/strong><\/p>\n<p>Una peque\u00f1a cocina <strong>adicional<\/strong> (= cocina de emergencia) est\u00e1 en el lugar: (4 fogones, 2 neveras y 1 horno peque\u00f1o). <strong>Tarifa plana simb\u00f3lica de 2 \u20ac por d\u00eda y por habitaci\u00f3n.<\/strong> Preparaci\u00f3n gratuita de bebidas calientes y\/o biberones para ni\u00f1os.<\/p><\/div><\/div>[\/vc_column_inner][vc_column_inner width=\u00bb1\/2&#8243;]<div class='dt-sc-icon-box type4 '><div class=\"icon-wrapper\"><img loading=\"lazy\" decoding=\"async\" width=\"46\" height=\"45\" src=\"https:\/\/www.gitedello.fr\/wp-content\/uploads\/2019\/05\/picto_espaces_conviviaux.png\" class=\"attachment-full\" alt=\"\" title=\"Picto Espaces Conviviaux\" \/><\/div><div class=\"icon-content\"><p><strong>Espacios de convivencia<\/strong><\/p>\n<p>Una sala de estar con chimenea le dar\u00e1 la bienvenida para sus momentos de relajaci\u00f3n (juegos, biblioteca, relajaci\u00f3n).En el exterior, una terraza de madera y un jard\u00edn de flores.<\/p><\/div><\/div>[\/vc_column_inner][\/vc_row_inner][vc_empty_space][\/vc_column][\/vc_row][vc_row full_width=\u00bbstretch_row\u00bb css=\u00bb.vc_custom_1558017546777{padding-top: 50px !important;background-color: #f8f8f8 !important;}\u00bb][vc_column][vc_custom_heading text=\u00bbNUESTROS PROVEEDORES\u00bb font_container=\u00bbtag:h2|text_align:center|color:%233f9a82&#8243; use_theme_fonts=\u00bbyes\u00bb css=\u00bb.vc_custom_1734021120388{margin-bottom: 5px !important;}\u00bb][vc_row_inner][vc_column_inner width=\u00bb1\/5&#8243;]<div class='dt-sc-icon-box type10 '><div class=\"icon-wrapper\"><span class='fas fa-bread-slice'> <\/span><\/div><div class=\"icon-content\"><h4><a href='https:\/\/www.facebook.com\/people\/Le-fournil-dEyne\/100057123203495\/?_rdr' title='' target='_blank'>Notre pain<\/a><\/h4><p>Nuestro pan proviene del obrador de Eyne, con certificaci\u00f3n AB y de la asociaci\u00f3n Nature et Progr\u00e8s.<\/p><\/div><\/div>[\/vc_column_inner][vc_column_inner width=\u00bb1\/5&#8243;]<div class='dt-sc-icon-box type10 '><div class=\"icon-wrapper\"><span class='fas fa-carrot'> <\/span><\/div><div class=\"icon-content\"><h4><a href='https:\/\/calblanch.com\/' title='' target='_self'><strong>Nuestros frutas y verduras<\/strong><\/a><\/h4><p><strong>Nuestros frutas y verduras provienen de<\/strong><a href=\"https:\/\/calblanch.com\/\">\u00a0<span style=\"font-weight: 400;\">Cal Blanch<\/span><\/a>\u00a0los productos son locales y\/o ecol\u00f3gicos (certificaci\u00f3n AB).<\/p><\/div><\/div>[\/vc_column_inner][vc_column_inner width=\u00bb1\/5&#8243;]<div class='dt-sc-icon-box type10 '><div class=\"icon-wrapper\"><span class='fas fa-drumstick-bite'> <\/span><\/div><div class=\"icon-content\"><h4><a href='https:\/\/www.grange-eyne.com\/' title='' target='_blank'><strong>Nuestra carne<\/strong><\/a><\/h4><p><strong>Nuestra carne proviene de la <\/strong><span style=\"font-weight: 400;\"><a href=\"https:\/\/www.maison-pouget.fr\/bourg-madame\/\">Maison Pouget<\/a> y de la <a href=\"https:\/\/www.grange-eyne.com\/\">grange d\u2019Eyne<\/a><\/span><\/p><\/div><\/div>[\/vc_column_inner][vc_column_inner width=\u00bb1\/5&#8243;]<div class='dt-sc-icon-box type10 '><div class=\"icon-wrapper\"><span class='fas fa-utensils'> <\/span><\/div><div class=\"icon-content\"><h4><strong>Nuestros productos secos<\/strong><\/h4><p><strong>Nuestros productos secos provienen de <\/strong><span style=\"font-weight: 400;\">Scoop \u00c9pice certificaci\u00f3n AB y a granel, con el objetivo de reducir nuestros residuos.<\/span><\/p><\/div><\/div>[\/vc_column_inner][vc_column_inner width=\u00bb1\/5&#8243;]<div class='dt-sc-icon-box type10 '><div class=\"icon-wrapper\"><span class='fas fa-beer'> <\/span><\/div><div class=\"icon-content\"><h4><a href='https:\/\/www.facebook.com\/Brasserieduchoucas' title='' target='_blank'><strong>Nuestros licores<\/strong><\/a><\/h4><p><strong>Nuestro vino proviene de <\/strong><a href=\"https:\/\/boutique.cazes-rivesaltes.com\/\"><span style=\"font-weight: 400;\">Domaine de Cazes y<\/span><\/a><strong>\u00a0nuestra cerveza de la<\/strong>\u00a0<a href=\"https:\/\/www.facebook.com\/Brasserieduchoucas\"><span style=\"font-weight: 400;\">Brasserie du Choucas <\/span><\/a><\/p><\/div><\/div>[\/vc_column_inner][\/vc_row_inner][vc_empty_space][\/vc_column][\/vc_row][vc_row css=\u00bb.vc_custom_1571643294115{margin-top: -20px !important;padding-top: 3% !important;padding-right: 10% !important;padding-left: 10% !important;background: #427676 url(https:\/\/www.gitedello.fr\/wp-content\/uploads\/2019\/10\/tarifs.jpg?id=12495) !important;background-position: 0 0 !important;background-repeat: no-repeat !important;}\u00bb][vc_column width=\u00bb1\/2&#8243;][vc_column_text]<\/p>\n<h2><span style=\"color: #ffffff;\">Nuestras Tarifas<\/span><\/h2>\n<p><\/p>\n<h4><span style=\"color: #ffffff;\">Descarga nuestra lista de precios para grupos de 8 personas<\/span><\/h4>\n<p>[\/vc_column_text][\/vc_column][vc_column width=\u00bb1\/2&#8243; css=\u00bb.vc_custom_1571642983800{padding-top: 5% !important;}\u00bb][vc_btn title=\u00bbDescarga nuestras tarifas 2026&#8243; shape=\u00bbsquare\u00bb color=\u00bbwhite\u00bb align=\u00bbcenter\u00bb custom_onclick=\u00bbtrue\u00bb link=\u00bburl:https%3A%2F%2Fwww.gitedello.fr%2Fwp-content%2Fuploads%2F2025%2F12%2Fes-Tarifs-restauration-GDL-2026.png|title:Habitaciones%20%26%20Tarifas|target:_blank|\u00bb][vc_btn title=\u00bbNuestras Condiciones Generales de Venta\u00bb shape=\u00bbsquare\u00bb color=\u00bbwhite\u00bb align=\u00bbcenter\u00bb link=\u00bburl:https%3A%2F%2Fwww.gitedello.fr%2Fwp-content%2Fuploads%2F2024%2F11%2FCGV-2024-Individuels-et-Gpes-Hors-Gestion-libre-2.pdf|title:CGV%20clasico|target:_blank|\u00bb][\/vc_column][\/vc_row][vc_row full_width=\u00bbstretch_row_content_no_spaces\u00bb css=\u00bb.vc_custom_1527758872991{padding-top: 80px !important;padding-right: 5% !important;padding-left: 5% !important;background-color: #f8f8f8 !important;}\u00bb][vc_column width=\u00bb1\/4&#8243;][vc_single_image image=\u00bb13075&#8243; img_size=\u00bbfull\u00bb alignment=\u00bbcenter\u00bb][\/vc_column][vc_column width=\u00bb1\/4&#8243;][vc_single_image image=\u00bb24863&#8243; img_size=\u00bbfull\u00bb alignment=\u00bbcenter\u00bb][\/vc_column][vc_column width=\u00bb1\/4&#8243;][vc_single_image image=\u00bb13073&#8243; img_size=\u00bbfull\u00bb alignment=\u00bbcenter\u00bb][\/vc_column][vc_column width=\u00bb1\/4&#8243;][vc_single_image image=\u00bb13074&#8243; img_size=\u00bbfull\u00bb alignment=\u00bbcenter\u00bb][\/vc_column][\/vc_row]<\/p>\n<\/div>","protected":false},"excerpt":{"rendered":"<p>[vc_row][vc_column][vc_row_inner][vc_column_inner width=\u00bb1\/4&#8243; css=\u00bb.vc_custom_1558017131795{padding-top: 50px !important;padding-right: 30px !important;padding-bottom: 20px !important;padding-left: 30px !important;background-color: #3f9a82 !important;}\u00bb][\/vc_column_inner][vc_column_inner width=\u00bb3\/4&#8243; css=\u00bb.vc_custom_1558017436903{padding-top: 30px !important;padding-left: 30px !important;}\u00bb][vc_custom_heading text=\u00bbMen\u00fas \u00fanicos con sabores locales\u00bb font_container=\u00bbtag:h2|text_align:left|color:%233f9a82&#8243; use_theme_fonts=\u00bbyes\u00bb css=\u00bb.vc_custom_1558018327419{margin-bottom: 5px !important;}\u00bb][vc_custom_heading text=\u00bbEn la medida de lo posible, productos procedentes de la agricultura sostenible (etiqueta AB)\u00bb font_container=\u00bbtag:h4|text_align:left|color:%23a1cd73&#8243; use_theme_fonts=\u00bbyes\u00bb css=\u00bb.vc_custom_1705398231276{margin-bottom: 50px !important;}\u00bb][vc_column_text]Precios : 26,50\u20ac\/adulto,\u00a0 12\u20ac\/ni\u00f1o de 3 a 9 [&hellip;]<\/p>\n","protected":false},"author":1,"featured_media":0,"parent":0,"menu_order":0,"comment_status":"closed","ping_status":"closed","template":"","meta":{"rs_blank_template":"","rs_page_bg_color":"","slide_template_v7":"","footnotes":""},"class_list":["post-13070","page","type-page","status-publish","hentry"],"yoast_head":"<!-- This site is optimized with the Yoast SEO plugin v27.5 - https:\/\/yoast.com\/product\/yoast-seo-wordpress\/ -->\n<title>Mesa de hu\u00e9spedes - G\u00eete de Llo<\/title>\n<meta name=\"description\" content=\"Ven a descubrir nuestra table d&#039;h\u00f4te con productos frescos y locales. Se puede comer con vistas a las monta\u00f1as catalanas.\" \/>\n<meta name=\"robots\" content=\"index, follow, max-snippet:-1, max-image-preview:large, max-video-preview:-1\" \/>\n<link rel=\"canonical\" href=\"https:\/\/www.gitedello.fr\/es\/mesa-de-huespedes\/\" \/>\n<meta property=\"og:locale\" content=\"es_ES\" \/>\n<meta property=\"og:type\" content=\"article\" \/>\n<meta property=\"og:title\" content=\"Mesa de hu\u00e9spedes - G\u00eete de Llo\" \/>\n<meta property=\"og:description\" content=\"Ven a descubrir nuestra table d&#039;h\u00f4te con productos frescos y locales. Se puede comer con vistas a las monta\u00f1as catalanas.\" \/>\n<meta property=\"og:url\" content=\"https:\/\/www.gitedello.fr\/es\/mesa-de-huespedes\/\" \/>\n<meta property=\"og:site_name\" content=\"G\u00eete de Llo\" \/>\n<meta property=\"article:modified_time\" content=\"2025-12-18T15:00:04+00:00\" \/>\n<meta name=\"twitter:card\" content=\"summary_large_image\" \/>\n<meta name=\"twitter:label1\" content=\"Tiempo de lectura\" \/>\n\t<meta name=\"twitter:data1\" content=\"4 minutos\" \/>\n<script type=\"application\/ld+json\" class=\"yoast-schema-graph\">{\"@context\":\"https:\\\/\\\/schema.org\",\"@graph\":[{\"@type\":\"WebPage\",\"@id\":\"https:\\\/\\\/www.gitedello.fr\\\/es\\\/mesa-de-huespedes\\\/\",\"url\":\"https:\\\/\\\/www.gitedello.fr\\\/es\\\/mesa-de-huespedes\\\/\",\"name\":\"Mesa de hu\u00e9spedes - G\u00eete de Llo\",\"isPartOf\":{\"@id\":\"https:\\\/\\\/www.gitedello.fr\\\/#website\"},\"datePublished\":\"2020-05-05T15:09:53+00:00\",\"dateModified\":\"2025-12-18T15:00:04+00:00\",\"description\":\"Ven a descubrir nuestra table d'h\u00f4te con productos frescos y locales. Se puede comer con vistas a las monta\u00f1as catalanas.\",\"breadcrumb\":{\"@id\":\"https:\\\/\\\/www.gitedello.fr\\\/es\\\/mesa-de-huespedes\\\/#breadcrumb\"},\"inLanguage\":\"es\",\"potentialAction\":[{\"@type\":\"ReadAction\",\"target\":[\"https:\\\/\\\/www.gitedello.fr\\\/es\\\/mesa-de-huespedes\\\/\"]}]},{\"@type\":\"BreadcrumbList\",\"@id\":\"https:\\\/\\\/www.gitedello.fr\\\/es\\\/mesa-de-huespedes\\\/#breadcrumb\",\"itemListElement\":[{\"@type\":\"ListItem\",\"position\":1,\"name\":\"Accueil\",\"item\":\"https:\\\/\\\/www.gitedello.fr\\\/es\\\/home\\\/\"},{\"@type\":\"ListItem\",\"position\":2,\"name\":\"Mesa de hu\u00e9spedes\"}]},{\"@type\":\"WebSite\",\"@id\":\"https:\\\/\\\/www.gitedello.fr\\\/#website\",\"url\":\"https:\\\/\\\/www.gitedello.fr\\\/\",\"name\":\"G\u00eete de Llo\",\"description\":\"G\u00eetes de Montagne, d&#039;\u00e9tape et de s\u00e9jour\",\"potentialAction\":[{\"@type\":\"SearchAction\",\"target\":{\"@type\":\"EntryPoint\",\"urlTemplate\":\"https:\\\/\\\/www.gitedello.fr\\\/?s={search_term_string}\"},\"query-input\":{\"@type\":\"PropertyValueSpecification\",\"valueRequired\":true,\"valueName\":\"search_term_string\"}}],\"inLanguage\":\"es\"}]}<\/script>\n<!-- \/ Yoast SEO plugin. -->","yoast_head_json":{"title":"Mesa de hu\u00e9spedes - G\u00eete de Llo","description":"Ven a descubrir nuestra table d'h\u00f4te con productos frescos y locales. Se puede comer con vistas a las monta\u00f1as catalanas.","robots":{"index":"index","follow":"follow","max-snippet":"max-snippet:-1","max-image-preview":"max-image-preview:large","max-video-preview":"max-video-preview:-1"},"canonical":"https:\/\/www.gitedello.fr\/es\/mesa-de-huespedes\/","og_locale":"es_ES","og_type":"article","og_title":"Mesa de hu\u00e9spedes - G\u00eete de Llo","og_description":"Ven a descubrir nuestra table d'h\u00f4te con productos frescos y locales. Se puede comer con vistas a las monta\u00f1as catalanas.","og_url":"https:\/\/www.gitedello.fr\/es\/mesa-de-huespedes\/","og_site_name":"G\u00eete de Llo","article_modified_time":"2025-12-18T15:00:04+00:00","twitter_card":"summary_large_image","twitter_misc":{"Tiempo de lectura":"4 minutos"},"schema":{"@context":"https:\/\/schema.org","@graph":[{"@type":"WebPage","@id":"https:\/\/www.gitedello.fr\/es\/mesa-de-huespedes\/","url":"https:\/\/www.gitedello.fr\/es\/mesa-de-huespedes\/","name":"Mesa de hu\u00e9spedes - G\u00eete de Llo","isPartOf":{"@id":"https:\/\/www.gitedello.fr\/#website"},"datePublished":"2020-05-05T15:09:53+00:00","dateModified":"2025-12-18T15:00:04+00:00","description":"Ven a descubrir nuestra table d'h\u00f4te con productos frescos y locales. Se puede comer con vistas a las monta\u00f1as catalanas.","breadcrumb":{"@id":"https:\/\/www.gitedello.fr\/es\/mesa-de-huespedes\/#breadcrumb"},"inLanguage":"es","potentialAction":[{"@type":"ReadAction","target":["https:\/\/www.gitedello.fr\/es\/mesa-de-huespedes\/"]}]},{"@type":"BreadcrumbList","@id":"https:\/\/www.gitedello.fr\/es\/mesa-de-huespedes\/#breadcrumb","itemListElement":[{"@type":"ListItem","position":1,"name":"Accueil","item":"https:\/\/www.gitedello.fr\/es\/home\/"},{"@type":"ListItem","position":2,"name":"Mesa de hu\u00e9spedes"}]},{"@type":"WebSite","@id":"https:\/\/www.gitedello.fr\/#website","url":"https:\/\/www.gitedello.fr\/","name":"G\u00eete de Llo","description":"G\u00eetes de Montagne, d&#039;\u00e9tape et de s\u00e9jour","potentialAction":[{"@type":"SearchAction","target":{"@type":"EntryPoint","urlTemplate":"https:\/\/www.gitedello.fr\/?s={search_term_string}"},"query-input":{"@type":"PropertyValueSpecification","valueRequired":true,"valueName":"search_term_string"}}],"inLanguage":"es"}]}},"_links":{"self":[{"href":"https:\/\/www.gitedello.fr\/es\/wp-json\/wp\/v2\/pages\/13070","targetHints":{"allow":["GET"]}}],"collection":[{"href":"https:\/\/www.gitedello.fr\/es\/wp-json\/wp\/v2\/pages"}],"about":[{"href":"https:\/\/www.gitedello.fr\/es\/wp-json\/wp\/v2\/types\/page"}],"author":[{"embeddable":true,"href":"https:\/\/www.gitedello.fr\/es\/wp-json\/wp\/v2\/users\/1"}],"replies":[{"embeddable":true,"href":"https:\/\/www.gitedello.fr\/es\/wp-json\/wp\/v2\/comments?post=13070"}],"version-history":[{"count":30,"href":"https:\/\/www.gitedello.fr\/es\/wp-json\/wp\/v2\/pages\/13070\/revisions"}],"predecessor-version":[{"id":30610,"href":"https:\/\/www.gitedello.fr\/es\/wp-json\/wp\/v2\/pages\/13070\/revisions\/30610"}],"wp:attachment":[{"href":"https:\/\/www.gitedello.fr\/es\/wp-json\/wp\/v2\/media?parent=13070"}],"curies":[{"name":"wp","href":"https:\/\/api.w.org\/{rel}","templated":true}]}}