{"id":13067,"date":"2020-05-05T17:06:39","date_gmt":"2020-05-05T15:06:39","guid":{"rendered":"https:\/\/www.gitedello.fr\/?page_id=13067"},"modified":"2024-12-18T10:29:59","modified_gmt":"2024-12-18T09:29:59","slug":"alrededores","status":"publish","type":"page","link":"https:\/\/www.gitedello.fr\/es\/alrededores\/","title":{"rendered":"Alrededores"},"content":{"rendered":"<div class=\"wpb-content-wrapper\"><p>[vc_row][vc_column width=\u00bb1\/2&#8243;][vc_custom_heading text=\u00bbLlo, pueblo con encanto idealmente situado en el coraz\u00f3n del Parque Natural Regional del Pirineo Catal\u00e1n\u00bb font_container=\u00bbtag:h2|text_align:left|color:%233f9a82&#8243; use_theme_fonts=\u00bbyes\u00bb css=\u00bb.vc_custom_1558077113902{margin-bottom: 50px !important;}\u00bb][\/vc_column][vc_column width=\u00bb1\/2&#8243;][vc_column_text]<br \/>\n&gt; Una veintena de rutas de senderismo te permitir\u00e1n descubrir sus secretos.<br \/>\n&gt; a 500 metros de la casa rural, los ba\u00f1os termales sulfurosos de Llo.<br \/>\n&gt; En el pueblo, una v\u00eda ferrata.<br \/>\n&gt; El famoso valle de Eyne y sus flores silvestres se encuentran a 10 minutos en coche.[\/vc_column_text][\/vc_column][\/vc_row][vc_row][vc_column width=\u00bb1\/3&#8243;]<div class='dt-sc-image-caption type9 '><div class='dt-sc-image-wrapper'><img loading=\"lazy\" decoding=\"async\" width=\"500\" height=\"500\" src=\"https:\/\/www.gitedello.fr\/wp-content\/uploads\/2019\/05\/P1020883.jpg\" class=\"attachment-full\" alt=\"\" title=\"P1020883\" srcset=\"https:\/\/www.gitedello.fr\/wp-content\/uploads\/2019\/05\/P1020883.jpg 500w, https:\/\/www.gitedello.fr\/wp-content\/uploads\/2019\/05\/P1020883-150x150.jpg 150w, https:\/\/www.gitedello.fr\/wp-content\/uploads\/2019\/05\/P1020883-300x300.jpg 300w\" sizes=\"auto, (max-width: 500px) 100vw, 500px\" \/><div class=\"dt-sc-image-overlay\"><p>A 500 m de la casa rural, las termas de Llo. Agua caliente, sulfurosa, termal, rica en minerales con propiedades relajantes. Tambi\u00e9n las termas de Dorres y Santo Tom\u00e1s<\/p><\/div><\/div><div class='dt-sc-image-content'><div class='dt-sc-image-title'><h3>Relajaci\u00f3n en la Cerdagne<\/h3><\/div><\/div><\/div>[\/vc_column][vc_column width=\u00bb1\/3&#8243;]<div class='dt-sc-image-caption type9 '><div class='dt-sc-image-wrapper'><img loading=\"lazy\" decoding=\"async\" width=\"1080\" height=\"1080\" src=\"https:\/\/www.gitedello.fr\/wp-content\/uploads\/2024\/12\/Design-sans-titre-2.png\" class=\"attachment-full\" alt=\"\" title=\"Design Sans Titre (2)\" srcset=\"https:\/\/www.gitedello.fr\/wp-content\/uploads\/2024\/12\/Design-sans-titre-2.png 1080w, https:\/\/www.gitedello.fr\/wp-content\/uploads\/2024\/12\/Design-sans-titre-2-300x300.png 300w, https:\/\/www.gitedello.fr\/wp-content\/uploads\/2024\/12\/Design-sans-titre-2-1024x1024.png 1024w, https:\/\/www.gitedello.fr\/wp-content\/uploads\/2024\/12\/Design-sans-titre-2-150x150.png 150w, https:\/\/www.gitedello.fr\/wp-content\/uploads\/2024\/12\/Design-sans-titre-2-768x768.png 768w\" sizes=\"auto, (max-width: 1080px) 100vw, 1080px\" \/><div class=\"dt-sc-image-overlay\"><p>Excursiones guiadas con raquetas de nieve o estancia organizada en Pyko, una extensi\u00f3n de la G\u00eete de Llo<\/p><\/div><\/div><div class='dt-sc-image-content'><div class='dt-sc-image-title'><h3>Raquetas Cerdagne<\/h3><\/div><\/div><\/div>[\/vc_column][vc_column width=\u00bb1\/3&#8243;]<div class='dt-sc-image-caption type9 '><div class='dt-sc-image-wrapper'><img loading=\"lazy\" decoding=\"async\" width=\"500\" height=\"500\" src=\"https:\/\/www.gitedello.fr\/wp-content\/uploads\/2019\/05\/IMG_1827.jpg\" class=\"attachment-full\" alt=\"\" title=\"IMG_1827\" srcset=\"https:\/\/www.gitedello.fr\/wp-content\/uploads\/2019\/05\/IMG_1827.jpg 500w, https:\/\/www.gitedello.fr\/wp-content\/uploads\/2019\/05\/IMG_1827-150x150.jpg 150w, https:\/\/www.gitedello.fr\/wp-content\/uploads\/2019\/05\/IMG_1827-300x300.jpg 300w\" sizes=\"auto, (max-width: 500px) 100vw, 500px\" \/><div class=\"dt-sc-image-overlay\"><p>En Llo, la v\u00eda ferrata ofrece cursos de aventura de monta\u00f1a para todos los niveles deportivos. Cerca de rutas de senderismo, zonas de escalada, parapente, bicicleta de monta\u00f1a, barranquismo en aguas calientes, estaciones de Font Romeu y Cambre d&#8217;Ase para practicar deportes de nieve.<\/p><\/div><\/div><div class='dt-sc-image-content'><div class='dt-sc-image-title'><h3>Actividades al aire libre<\/h3><\/div><\/div><\/div>[\/vc_column][\/vc_row][vc_row css=\u00bb.vc_custom_1527758371884{margin-top: 30px !important;}\u00bb][vc_column width=\u00bb1\/3&#8243;]<div class='dt-sc-image-caption type9 '><div class='dt-sc-image-wrapper'><img loading=\"lazy\" decoding=\"async\" width=\"500\" height=\"500\" src=\"https:\/\/www.gitedello.fr\/wp-content\/uploads\/2019\/05\/IMG_20180513_195030.jpg\" class=\"attachment-full\" alt=\"\" title=\"IMG_20180513_195030\" srcset=\"https:\/\/www.gitedello.fr\/wp-content\/uploads\/2019\/05\/IMG_20180513_195030.jpg 500w, https:\/\/www.gitedello.fr\/wp-content\/uploads\/2019\/05\/IMG_20180513_195030-150x150.jpg 150w, https:\/\/www.gitedello.fr\/wp-content\/uploads\/2019\/05\/IMG_20180513_195030-300x300.jpg 300w\" sizes=\"auto, (max-width: 500px) 100vw, 500px\" \/><div class=\"dt-sc-image-overlay\"><p>En la Cerdanya se puede admirar el arte rom\u00e1nico: la Capilla de San Feliu en Llo, la Capilla de Belloc en Dorres y la Capilla Marty en Angoustrine.<\/p><\/div><\/div><div class='dt-sc-image-content'><div class='dt-sc-image-title'><h3>Arte Rom\u00e1nico<\/h3><\/div><\/div><\/div>[\/vc_column][vc_column width=\u00bb1\/3&#8243;]<div class='dt-sc-image-caption type9 '><div class='dt-sc-image-wrapper'><img loading=\"lazy\" decoding=\"async\" width=\"623\" height=\"623\" src=\"https:\/\/www.gitedello.fr\/wp-content\/uploads\/2018\/05\/miniature-randonnee.jpg\" class=\"attachment-full\" alt=\"\" title=\"Miniature Randonnee\" srcset=\"https:\/\/www.gitedello.fr\/wp-content\/uploads\/2018\/05\/miniature-randonnee.jpg 623w, https:\/\/www.gitedello.fr\/wp-content\/uploads\/2018\/05\/miniature-randonnee-150x150.jpg 150w, https:\/\/www.gitedello.fr\/wp-content\/uploads\/2018\/05\/miniature-randonnee-300x300.jpg 300w\" sizes=\"auto, (max-width: 623px) 100vw, 623px\" \/><div class=\"dt-sc-image-overlay\"><p>Desde Llo y\/o cerca de Llo se encuentran los principales lugares de senderismo: el valle de Eyne, los lagos de Bouillouses, el Puigmal, el Cambre d&#8217;Ase, el valle de Angoustrine, el valle del Segre, el valle del T\u00eat&#8230;<\/p><\/div><\/div><div class='dt-sc-image-content'><div class='dt-sc-image-title'><h3>Senderismo<\/h3><\/div><\/div><\/div>[\/vc_column][vc_column width=\u00bb1\/3&#8243;]<div class='dt-sc-image-caption type9 '><div class='dt-sc-image-wrapper'><img loading=\"lazy\" decoding=\"async\" width=\"480\" height=\"480\" src=\"https:\/\/www.gitedello.fr\/wp-content\/uploads\/2019\/05\/solar-oven-921116_640-1.jpg\" class=\"attachment-full\" alt=\"\" title=\"solar-oven-921116_640\" srcset=\"https:\/\/www.gitedello.fr\/wp-content\/uploads\/2019\/05\/solar-oven-921116_640-1.jpg 480w, https:\/\/www.gitedello.fr\/wp-content\/uploads\/2019\/05\/solar-oven-921116_640-1-150x150.jpg 150w, https:\/\/www.gitedello.fr\/wp-content\/uploads\/2019\/05\/solar-oven-921116_640-1-300x300.jpg 300w\" sizes=\"auto, (max-width: 480px) 100vw, 480px\" \/><div class=\"dt-sc-image-overlay\"><p>Un verdadero valle solar, se pueden visitar y\/o observar los hornos solares de Odeillo y Mont-Louis, la central el\u00e9ctrica de Llo que funciona con energ\u00eda 100% solar, las exposiciones y talleres sobre energ\u00eda solar adaptados a grandes y peque\u00f1os en el sitio de la 1\u00aa planta de energ\u00eda solar del mundo (Tour de Themis, en Targasonne)<\/p><\/div><\/div><div class='dt-sc-image-content'><div class='dt-sc-image-title'><h3>Valle Solar y Patrimonio Cerdano<\/h3><\/div><\/div><\/div>[\/vc_column][\/vc_row][vc_row css=\u00bb.vc_custom_1575382152812{margin-top: 30px !important;}\u00bb][vc_column width=\u00bb1\/3&#8243;]<div class='dt-sc-image-caption type9 '><div class='dt-sc-image-wrapper'><img loading=\"lazy\" decoding=\"async\" width=\"623\" height=\"623\" src=\"https:\/\/www.gitedello.fr\/wp-content\/uploads\/2024\/04\/2.png\" class=\"attachment-full\" alt=\"\" title=\"2\" srcset=\"https:\/\/www.gitedello.fr\/wp-content\/uploads\/2024\/04\/2.png 623w, https:\/\/www.gitedello.fr\/wp-content\/uploads\/2024\/04\/2-300x300.png 300w, https:\/\/www.gitedello.fr\/wp-content\/uploads\/2024\/04\/2-150x150.png 150w\" sizes=\"auto, (max-width: 623px) 100vw, 623px\" \/><div class=\"dt-sc-image-overlay\"><p>Direcci\u00f3n Llivia para pasar una noche, el enclave espa\u00f1ol, y salida hacia Puigcerd\u00e0 para un cambio de escenario garantizado.<\/p><\/div><\/div><div class='dt-sc-image-content'><div class='dt-sc-image-title'><h3>Proximidad con Espa\u00f1a<\/h3><\/div><\/div><\/div>[\/vc_column][vc_column width=\u00bb1\/3&#8243;]<div class='dt-sc-image-caption type9 '><div class='dt-sc-image-wrapper'><img loading=\"lazy\" decoding=\"async\" width=\"623\" height=\"623\" src=\"https:\/\/www.gitedello.fr\/wp-content\/uploads\/2024\/04\/Petit-train-jaune-1.png\" class=\"attachment-full\" alt=\"\" title=\"Petit train jaune 1\" srcset=\"https:\/\/www.gitedello.fr\/wp-content\/uploads\/2024\/04\/Petit-train-jaune-1.png 623w, https:\/\/www.gitedello.fr\/wp-content\/uploads\/2024\/04\/Petit-train-jaune-1-300x300.png 300w, https:\/\/www.gitedello.fr\/wp-content\/uploads\/2024\/04\/Petit-train-jaune-1-150x150.png 150w\" sizes=\"auto, (max-width: 623px) 100vw, 623px\" \/><div class=\"dt-sc-image-overlay\"><p>Hist\u00f3rica y pintoresca, la l\u00ednea el\u00e9ctrica tur\u00edstica de 23 km le permitir\u00e1 descubrir la Cerdanya al aire libre (desde Villefranche de Conflent hasta Latour de Carol).<\/p><\/div><\/div><div class='dt-sc-image-content'><div class='dt-sc-image-title'><h3>El Tren Amarillo<\/h3><\/div><\/div><\/div>[\/vc_column][vc_column width=\u00bb1\/3&#8243;]<div class='dt-sc-image-caption type9 '><div class='dt-sc-image-wrapper'><img loading=\"lazy\" decoding=\"async\" width=\"623\" height=\"623\" src=\"https:\/\/www.gitedello.fr\/wp-content\/uploads\/2024\/04\/3.png\" class=\"attachment-full\" alt=\"\" title=\"3\" srcset=\"https:\/\/www.gitedello.fr\/wp-content\/uploads\/2024\/04\/3.png 623w, https:\/\/www.gitedello.fr\/wp-content\/uploads\/2024\/04\/3-300x300.png 300w, https:\/\/www.gitedello.fr\/wp-content\/uploads\/2024\/04\/3-150x150.png 150w\" sizes=\"auto, (max-width: 623px) 100vw, 623px\" \/><div class=\"dt-sc-image-overlay\"><p>La meseta de Cerd\u00e1n, a una altitud de 1500 m, ofrece especificidades geol\u00f3gicas \u00fanicas en Europa. Altiplanneau de casi 1000 km2 le ofrecer\u00e1 excepciones geol\u00f3gicas para descubrir para grandes y peque\u00f1os.<\/p><\/div><\/div><div class='dt-sc-image-content'><div class='dt-sc-image-title'><h3>Una geolog\u00eda excepcional<\/h3><\/div><\/div><\/div>[\/vc_column][\/vc_row][vc_row][vc_column][vc_column_text]\u00a0[\/vc_column_text][\/vc_column][\/vc_row]<\/p>\n<\/div>","protected":false},"excerpt":{"rendered":"<p>[vc_row][vc_column width=\u00bb1\/2&#8243;][vc_custom_heading text=\u00bbLlo, pueblo con encanto idealmente situado en el coraz\u00f3n del Parque Natural Regional del Pirineo Catal\u00e1n\u00bb font_container=\u00bbtag:h2|text_align:left|color:%233f9a82&#8243; use_theme_fonts=\u00bbyes\u00bb css=\u00bb.vc_custom_1558077113902{margin-bottom: 50px !important;}\u00bb][\/vc_column][vc_column width=\u00bb1\/2&#8243;][vc_column_text] &gt; Una veintena de rutas de senderismo te permitir\u00e1n descubrir sus secretos. &gt; a 500 metros de la casa rural, los ba\u00f1os termales sulfurosos de Llo. &gt; En el pueblo, una [&hellip;]<\/p>\n","protected":false},"author":1,"featured_media":0,"parent":0,"menu_order":0,"comment_status":"closed","ping_status":"closed","template":"","meta":{"rs_blank_template":"","rs_page_bg_color":"","slide_template_v7":"","footnotes":""},"class_list":["post-13067","page","type-page","status-publish","hentry"],"yoast_head":"<!-- This site is optimized with the Yoast SEO plugin v27.5 - https:\/\/yoast.com\/product\/yoast-seo-wordpress\/ -->\n<title>Actividades en los alrededores- G\u00eete de Llo<\/title>\n<meta name=\"description\" content=\"\u00a1Disfruta de las actividades al aire libre que ofrece la meseta de la Cerdanya! V\u00eda ferrata, aguas templadas, ca\u00f1\u00f3n, senderismo, tren amarillo...\" \/>\n<meta name=\"robots\" content=\"index, follow, max-snippet:-1, max-image-preview:large, max-video-preview:-1\" \/>\n<link rel=\"canonical\" href=\"https:\/\/www.gitedello.fr\/es\/alrededores\/\" \/>\n<meta property=\"og:locale\" content=\"es_ES\" \/>\n<meta property=\"og:type\" content=\"article\" \/>\n<meta property=\"og:title\" content=\"Actividades en los alrededores- G\u00eete de Llo\" \/>\n<meta property=\"og:description\" content=\"\u00a1Disfruta de las actividades al aire libre que ofrece la meseta de la Cerdanya! V\u00eda ferrata, aguas templadas, ca\u00f1\u00f3n, senderismo, tren amarillo...\" \/>\n<meta property=\"og:url\" content=\"https:\/\/www.gitedello.fr\/es\/alrededores\/\" \/>\n<meta property=\"og:site_name\" content=\"G\u00eete de Llo\" \/>\n<meta property=\"article:modified_time\" content=\"2024-12-18T09:29:59+00:00\" \/>\n<meta name=\"twitter:card\" content=\"summary_large_image\" \/>\n<meta name=\"twitter:label1\" content=\"Tiempo de lectura\" \/>\n\t<meta name=\"twitter:data1\" content=\"4 minutos\" \/>\n<script type=\"application\/ld+json\" class=\"yoast-schema-graph\">{\"@context\":\"https:\\\/\\\/schema.org\",\"@graph\":[{\"@type\":\"WebPage\",\"@id\":\"https:\\\/\\\/www.gitedello.fr\\\/es\\\/alrededores\\\/\",\"url\":\"https:\\\/\\\/www.gitedello.fr\\\/es\\\/alrededores\\\/\",\"name\":\"Actividades en los alrededores- G\u00eete de Llo\",\"isPartOf\":{\"@id\":\"https:\\\/\\\/www.gitedello.fr\\\/#website\"},\"datePublished\":\"2020-05-05T15:06:39+00:00\",\"dateModified\":\"2024-12-18T09:29:59+00:00\",\"description\":\"\u00a1Disfruta de las actividades al aire libre que ofrece la meseta de la Cerdanya! V\u00eda ferrata, aguas templadas, ca\u00f1\u00f3n, senderismo, tren amarillo...\",\"breadcrumb\":{\"@id\":\"https:\\\/\\\/www.gitedello.fr\\\/es\\\/alrededores\\\/#breadcrumb\"},\"inLanguage\":\"es\",\"potentialAction\":[{\"@type\":\"ReadAction\",\"target\":[\"https:\\\/\\\/www.gitedello.fr\\\/es\\\/alrededores\\\/\"]}]},{\"@type\":\"BreadcrumbList\",\"@id\":\"https:\\\/\\\/www.gitedello.fr\\\/es\\\/alrededores\\\/#breadcrumb\",\"itemListElement\":[{\"@type\":\"ListItem\",\"position\":1,\"name\":\"Accueil\",\"item\":\"https:\\\/\\\/www.gitedello.fr\\\/es\\\/home\\\/\"},{\"@type\":\"ListItem\",\"position\":2,\"name\":\"Alrededores\"}]},{\"@type\":\"WebSite\",\"@id\":\"https:\\\/\\\/www.gitedello.fr\\\/#website\",\"url\":\"https:\\\/\\\/www.gitedello.fr\\\/\",\"name\":\"G\u00eete de Llo\",\"description\":\"G\u00eetes de Montagne, d&#039;\u00e9tape et de s\u00e9jour\",\"potentialAction\":[{\"@type\":\"SearchAction\",\"target\":{\"@type\":\"EntryPoint\",\"urlTemplate\":\"https:\\\/\\\/www.gitedello.fr\\\/?s={search_term_string}\"},\"query-input\":{\"@type\":\"PropertyValueSpecification\",\"valueRequired\":true,\"valueName\":\"search_term_string\"}}],\"inLanguage\":\"es\"}]}<\/script>\n<!-- \/ Yoast SEO plugin. -->","yoast_head_json":{"title":"Actividades en los alrededores- G\u00eete de Llo","description":"\u00a1Disfruta de las actividades al aire libre que ofrece la meseta de la Cerdanya! V\u00eda ferrata, aguas templadas, ca\u00f1\u00f3n, senderismo, tren amarillo...","robots":{"index":"index","follow":"follow","max-snippet":"max-snippet:-1","max-image-preview":"max-image-preview:large","max-video-preview":"max-video-preview:-1"},"canonical":"https:\/\/www.gitedello.fr\/es\/alrededores\/","og_locale":"es_ES","og_type":"article","og_title":"Actividades en los alrededores- G\u00eete de Llo","og_description":"\u00a1Disfruta de las actividades al aire libre que ofrece la meseta de la Cerdanya! V\u00eda ferrata, aguas templadas, ca\u00f1\u00f3n, senderismo, tren amarillo...","og_url":"https:\/\/www.gitedello.fr\/es\/alrededores\/","og_site_name":"G\u00eete de Llo","article_modified_time":"2024-12-18T09:29:59+00:00","twitter_card":"summary_large_image","twitter_misc":{"Tiempo de lectura":"4 minutos"},"schema":{"@context":"https:\/\/schema.org","@graph":[{"@type":"WebPage","@id":"https:\/\/www.gitedello.fr\/es\/alrededores\/","url":"https:\/\/www.gitedello.fr\/es\/alrededores\/","name":"Actividades en los alrededores- G\u00eete de Llo","isPartOf":{"@id":"https:\/\/www.gitedello.fr\/#website"},"datePublished":"2020-05-05T15:06:39+00:00","dateModified":"2024-12-18T09:29:59+00:00","description":"\u00a1Disfruta de las actividades al aire libre que ofrece la meseta de la Cerdanya! V\u00eda ferrata, aguas templadas, ca\u00f1\u00f3n, senderismo, tren amarillo...","breadcrumb":{"@id":"https:\/\/www.gitedello.fr\/es\/alrededores\/#breadcrumb"},"inLanguage":"es","potentialAction":[{"@type":"ReadAction","target":["https:\/\/www.gitedello.fr\/es\/alrededores\/"]}]},{"@type":"BreadcrumbList","@id":"https:\/\/www.gitedello.fr\/es\/alrededores\/#breadcrumb","itemListElement":[{"@type":"ListItem","position":1,"name":"Accueil","item":"https:\/\/www.gitedello.fr\/es\/home\/"},{"@type":"ListItem","position":2,"name":"Alrededores"}]},{"@type":"WebSite","@id":"https:\/\/www.gitedello.fr\/#website","url":"https:\/\/www.gitedello.fr\/","name":"G\u00eete de Llo","description":"G\u00eetes de Montagne, d&#039;\u00e9tape et de s\u00e9jour","potentialAction":[{"@type":"SearchAction","target":{"@type":"EntryPoint","urlTemplate":"https:\/\/www.gitedello.fr\/?s={search_term_string}"},"query-input":{"@type":"PropertyValueSpecification","valueRequired":true,"valueName":"search_term_string"}}],"inLanguage":"es"}]}},"_links":{"self":[{"href":"https:\/\/www.gitedello.fr\/es\/wp-json\/wp\/v2\/pages\/13067","targetHints":{"allow":["GET"]}}],"collection":[{"href":"https:\/\/www.gitedello.fr\/es\/wp-json\/wp\/v2\/pages"}],"about":[{"href":"https:\/\/www.gitedello.fr\/es\/wp-json\/wp\/v2\/types\/page"}],"author":[{"embeddable":true,"href":"https:\/\/www.gitedello.fr\/es\/wp-json\/wp\/v2\/users\/1"}],"replies":[{"embeddable":true,"href":"https:\/\/www.gitedello.fr\/es\/wp-json\/wp\/v2\/comments?post=13067"}],"version-history":[{"count":8,"href":"https:\/\/www.gitedello.fr\/es\/wp-json\/wp\/v2\/pages\/13067\/revisions"}],"predecessor-version":[{"id":27125,"href":"https:\/\/www.gitedello.fr\/es\/wp-json\/wp\/v2\/pages\/13067\/revisions\/27125"}],"wp:attachment":[{"href":"https:\/\/www.gitedello.fr\/es\/wp-json\/wp\/v2\/media?parent=13067"}],"curies":[{"name":"wp","href":"https:\/\/api.w.org\/{rel}","templated":true}]}}