{"id":12424,"date":"2017-10-23T09:57:22","date_gmt":"2017-10-23T09:57:22","guid":{"rendered":"https:\/\/www.gitedello.fr\/home\/"},"modified":"2025-09-26T16:11:49","modified_gmt":"2025-09-26T14:11:49","slug":"home","status":"publish","type":"page","link":"https:\/\/www.gitedello.fr\/es\/","title":{"rendered":"Recepcion"},"content":{"rendered":"<div class=\"wpb-content-wrapper\"><p>[vc_row disable_element=\u00bbyes\u00bb][vc_column][vc_column_text][\/vc_column_text][\/vc_column][\/vc_row][vc_row el_class=\u00bbroom-amenities-margin\u00bb addstyles=\u00bboverflow: visible; z-index: 9;\u00bb css=\u00bb.vc_custom_1724760726452{padding-top: 5px !important;padding-bottom: 10px !important;}\u00bb][vc_column][vc_column_text]<div class=\"wp_novaresa\" id=\"wp_novaresa_shortcode\" >\n    \n    <form id=\"wp_novaresa_searchform\" method=\"get\" action=\"https:\/\/www.gitedello.fr\/es\/reserva\/\" role=\"form\" class=\"form-inline\">\n\t\t\n\t\t\t<div class=\"row\">\n\t\t\t\t<div class='form-group col-md-3 col-xs-6'>\n\t\t\t\t\t<label class=\"sr-only\" for=\"wp_novaresa_shortcode_date_from\">Llegada<\/label>\n\t\t\t\t\t<input type=\"text\" class=\"form-control input-sm\" id=\"wp_novaresa_shortcode_date_from\" name=\"date_from\" value=\"\" autocomplete=\"off\" placeholder=\"S\u00e9lectionner une date\" >\n\t\t\t\t<\/div>\n\t\t\t\t<div class='form-group col-md-3 col-xs-6'>\n\t\t\t\t\t<label class=\"sr-only\" for=\"wp_novaresa_shortcode_date_to\">Salida<\/label>\n\t\t\t\t\t<input type=\"text\" class=\"form-control input-sm\" id=\"wp_novaresa_shortcode_date_to\" name=\"date_to\" value=\"\" autocomplete=\"off\" placeholder=\"S\u00e9lectionner une date\" >\n\t\t\t\t<\/div>\n\t\t\t\t\n\t\t\t\t<div class=\"form-group col-md-2 col-xs-6 hidden-xs hidden-sm\">\n\t\t\t\t\t<label class=\"sr-only\" for=\"wp_novaresa_widget_nb_pers\">Nb pers<\/label>\n\t\t\t\t\t<input type=\"text\" class=\"form-control input-sm\" id=\"wp_novaresa_widget_nb_pers\" name=\"nb_pers\" value=\"\" placeholder=\"1\" >\n\t\t\t\t<\/div>\n\t\t\t\t\n\t\t\t\t<div class=\"col-md-3 col-xs-12\">\n\t\t\t\t\t<button type=\"submit\" class=\"btn btn-sm\" name=\"wp_novaresa_search\" value=\"1\">V\u00e9rifier la disponibilit\u00e9<\/button>\n\t\t\t\t<\/div>\n\t\t\t<\/div>\t\t\n\t\t\n\t\t\n\n\t\t\n\t<\/form>\n    \n<\/div>[\/vc_column_text][\/vc_column][\/vc_row][vc_row equal_height=\u00bbyes\u00bb content_placement=\u00bbmiddle\u00bb css=\u00bb.vc_custom_1563015311708{padding-top: 30px !important;padding-bottom: 100px !important;}\u00bb][vc_column width=\u00bb1\/2&#8243; css=\u00bb.vc_custom_1511866175565{padding-right: 25px !important;}\u00bb][vc_custom_heading text=\u00bb\u00a1Bienvenidos a la Casa Rural de Llo!\u00bb font_container=\u00bbtag:h2|text_align:left|color:%233f9a82&#8243; use_theme_fonts=\u00bbyes\u00bb][vc_separator color=\u00bbgreen\u00bb align=\u00bbalign_left\u00bb el_width=\u00bb10&#8243;][vc_column_text]Le invitamos a alojarse en la antigua escuela del pueblo, un encantador edificio de granito, madera y pizarra, donde podr\u00e1 disfrutar de un entorno aut\u00e9ntico para sus vacaciones y seminarios, combinando actividades deportivas, descubrimientos culturales y momentos de relajaci\u00f3n.<\/p>\n<p>La casa rural de Llo, situada a medio camino entre el refugio y el hotel de monta\u00f1a, es un alojamiento que combina comodidad y convivencia. En un ambiente c\u00e1lido, podr\u00e1 relajarse en nuestro gran sal\u00f3n, disfrutar de nuestra biblioteca, disfrutar de sus comidas locales en la terraza al aire libre o relajarse en el jard\u00edn amueblado con juegos infantiles y mesas para sus momentos de descanso.<\/p>\n<p>Idealmente situada en el pintoresco pueblo de Llo, a 1500 metros sobre el nivel del mar, en el coraz\u00f3n del Parque Natural del Pirineo Catal\u00e1n, nuestra casa rural ofrece f\u00e1cil acceso a los Ba\u00f1os de Llo, una capilla, un castillo y una v\u00eda ferrata. \u00a1Sin olvidar las famosas cumbres de Cerdans, entre las m\u00e1s soleadas de Francia!<\/p>\n<p><strong>Nuestros periodos de apertura:<\/strong><br \/>&#8211; de diciembre a marzo<br \/>&#8211; de mayo a septiembre[\/vc_column_text][vc_row_inner][vc_column_inner width=\u00bb1\/2&#8243;]<a href='\/hebergement\/' target='_self' title='' class='dt-sc-button   medium   fully-rounded-border  ' > Las Habitaciones <\/a>[\/vc_column_inner][vc_column_inner width=\u00bb1\/2&#8243;]<a href='https:\/\/www.gitedello.fr\/table-dhotes\/' target='_self' title='' class='dt-sc-button   medium   fully-rounded-border  ' > Nuestra Mesa <\/a>[\/vc_column_inner][\/vc_row_inner][\/vc_column][vc_column parallax=\u00bbcontent-moving\u00bb parallax_speed_bg=\u00bb1.2&#8243; width=\u00bb1\/2&#8243; css=\u00bb.vc_custom_1724761035118{padding-right: 0px !important;padding-left: 0px !important;}\u00bb][vc_single_image image=\u00bb11966&#8243; img_size=\u00bbfull\u00bb][\/vc_column][\/vc_row][vc_row equal_height=\u00bbyes\u00bb content_placement=\u00bbmiddle\u00bb css=\u00bb.vc_custom_1705657571363{padding-top: 10px !important;padding-bottom: 50px !important;}\u00bb][vc_column width=\u00bb1\/2&#8243; css=\u00bb.vc_custom_1705660793314{padding-top: 15px !important;padding-right: 15px !important;padding-bottom: 15px !important;padding-left: 15px !important;background-image: url(https:\/\/www.gitedello.fr\/wp-content\/uploads\/2018\/05\/bg-offers.jpg?id=11722) !important;background-position: center !important;background-repeat: no-repeat !important;background-size: contain !important;}\u00bb][vc_custom_heading text=\u00bbAlojamiento\u00bb font_container=\u00bbtag:h2|text_align:left|color:%23ffffff\u00bb use_theme_fonts=\u00bbyes\u00bb][vc_column_text el_class=\u00bbwhite-text\u00bb]Le damos la bienvenida con amabilidad en diferentes formatos:<\/p>\n<ul>\n<li>Noches con opcional: mesa de noche (a partir de las 8 p.) y\/o peque\u00f1a cocina para ayudarte.<\/li>\n<li>Media pensi\u00f3n (Grupo m\u00ednimo 8 personas) incluyendo desayuno y cena.<\/li>\n<li>Gesti\u00f3n libre (con alquiler de cocina profesional) si sois un grupo grande. En temporada alta favorecemos estancias de 2 noches m\u00ednimo y a partir de 3 noches la tarifa es reducida.<\/li>\n<\/ul>\n<p>Para cualquier petici\u00f3n especial: grupo de amigos, familia, club de senderismo\/ciclismo, team building, seminario, etc.),<\/p>\n<p><a href=\"https:\/\/www.gitedello.fr\/es\/acceso-contacto\/\">\u00a1Cont\u00e1ctenos para una cotizaci\u00f3n personalizada!<\/a>[\/vc_column_text][vc_column_text el_class=\u00bbwhite-text\u00bb]<\/p>\n<p style=\"padding-left: 40px;\">Con una capacidad de 50 personas, tendr\u00e1s a tu disposici\u00f3n: para cada habitaci\u00f3n 2 zonas de descanso y ba\u00f1os y aseos privados. En las zonas comunes de la planta baja: un sal\u00f3n com\u00fan, dos comedores, una kitchinette extra, una terraza exterior con mesas, un jard\u00edn y wifi.<\/p>\n<p><\/p>\n<p style=\"padding-left: 40px;\"><strong>Nuestros amigos animales no est\u00e1n permitidos.<\/strong><\/p>\n<p>[\/vc_column_text][\/vc_column][vc_column parallax=\u00bbcontent-moving\u00bb width=\u00bb1\/2&#8243; css=\u00bb.vc_custom_1564665797852{padding-top: 0px !important;padding-right: 0px !important;padding-bottom: 0px !important;padding-left: 0px !important;}\u00bb][vc_images_carousel images=\u00bb12176,12209,12199,12221,12217,15932,15866,15860,15863,15911,15917,15872,15902,15935,15893,12319&#8243; img_size=\u00bb600&#215;400&#8243; onclick=\u00bblink_no\u00bb autoplay=\u00bbyes\u00bb hide_pagination_control=\u00bbyes\u00bb wrap=\u00bbyes\u00bb css=\u00bb.vc_custom_1705661213277{padding-top: 0px !important;padding-right: 0px !important;padding-bottom: 0px !important;padding-left: 0px !important;}\u00bb][\/vc_column][\/vc_row][vc_row equal_height=\u00bbyes\u00bb content_placement=\u00bbmiddle\u00bb][vc_column width=\u00bb1\/2&#8243; css=\u00bb.vc_custom_1561542120289{padding-top: 50px !important;padding-right: 50px !important;padding-bottom: 50px !important;padding-left: 50px !important;}\u00bb][vc_custom_heading text=\u00bb\u00bf Para qui\u00e9n ?\u00bb font_container=\u00bbtag:h2|text_align:left|color:%233f9a82&#8243; use_theme_fonts=\u00bbyes\u00bb][vc_separator color=\u00bbgreen\u00bb align=\u00bbalign_left\u00bb el_width=\u00bb10&#8243;]<div class=\"aio-icon-component    style_1\"><div id=\"Info-box-wrap-1140\" class=\"aio-icon-box default-icon\" style=\"\"  ><div class=\"aio-icon-default\"><div class=\"ult-just-icon-wrapper  \"><div class=\"align-icon\" style=\"text-align:center;\">\n<div class=\"aio-icon-img \" style=\"font-size:40px;display:inline-block;\" >\n\t<img decoding=\"async\" class=\"img-icon\" alt=\"null\" src=\"https:\/\/www.gitedello.fr\/wp-content\/uploads\/2018\/05\/man-in-live.png\"\/>\n<\/div><\/div><\/div><\/div><div class=\"aio-icon-header\" ><h3 class=\"aio-icon-title ult-responsive\"  data-ultimate-target='#Info-box-wrap-1140 .aio-icon-title'  data-responsive-json-new='{\"font-size\":\"\",\"line-height\":\"\"}'  style=\"\">Para deportistas experimentados o principiantes<\/h3><\/div> <!-- header --><div class=\"aio-icon-description ult-responsive\"  data-ultimate-target='#Info-box-wrap-1140 .aio-icon-description'  data-responsive-json-new='{\"font-size\":\"\",\"line-height\":\"\"}'  style=\"\">Senderismo, BTT, barranquismo, escalada (Llo, Saint Pierre dels Forcats, Font Romeu, Chaos de Targasonne), v\u00edas ferratas, parapente, esqu\u00ed, raquetas de nieve&#8230; Accesible para todos<\/div> <!-- description --><\/div> <!-- aio-icon-box --><\/div> <!-- aio-icon-component --><div class=\"aio-icon-component    style_1\"><div id=\"Info-box-wrap-4579\" class=\"aio-icon-box default-icon\" style=\"\"  ><div class=\"aio-icon-default\"><div class=\"ult-just-icon-wrapper  \"><div class=\"align-icon\" style=\"text-align:center;\">\n<div class=\"aio-icon-img \" style=\"font-size:43px;display:inline-block;\" >\n\t<img decoding=\"async\" class=\"img-icon\" alt=\"null\" src=\"https:\/\/www.gitedello.fr\/wp-content\/uploads\/2018\/05\/detente.png\"\/>\n<\/div><\/div><\/div><\/div><div class=\"aio-icon-header\" ><h3 class=\"aio-icon-title ult-responsive\"  data-ultimate-target='#Info-box-wrap-4579 .aio-icon-title'  data-responsive-json-new='{\"font-size\":\"\",\"line-height\":\"\"}'  style=\"\">Para personas que buscan bienestar, relajaci\u00f3n y ... del sol !<\/h3><\/div> <!-- header --><div class=\"aio-icon-description ult-responsive\"  data-ultimate-target='#Info-box-wrap-4579 .aio-icon-description'  data-responsive-json-new='{\"font-size\":\"\",\"line-height\":\"\"}'  style=\"\">Las aguas termales naturales de Llo, Dorres y St Thomas te esperan, con ba\u00f1os interiores y exteriores, jacuzzis, sauna, hammam o zona de masajes.<\/div> <!-- description --><\/div> <!-- aio-icon-box --><\/div> <!-- aio-icon-component --><div class=\"aio-icon-component    style_1\"><div id=\"Info-box-wrap-7980\" class=\"aio-icon-box default-icon\" style=\"\"  ><div class=\"aio-icon-default\"><div class=\"ult-just-icon-wrapper  \"><div class=\"align-icon\" style=\"text-align:center;\">\n<div class=\"aio-icon-img \" style=\"font-size:35px;display:inline-block;\" >\n\t<img decoding=\"async\" class=\"img-icon\" alt=\"null\" src=\"https:\/\/www.gitedello.fr\/wp-content\/uploads\/2018\/05\/animaux.png\"\/>\n<\/div><\/div><\/div><\/div><div class=\"aio-icon-header\" ><h3 class=\"aio-icon-title ult-responsive\"  data-ultimate-target='#Info-box-wrap-7980 .aio-icon-title'  data-responsive-json-new='{\"font-size\":\"\",\"line-height\":\"\"}'  style=\"\">Para los amantes de la naturaleza<\/h3><\/div> <!-- header --><div class=\"aio-icon-description ult-responsive\"  data-ultimate-target='#Info-box-wrap-7980 .aio-icon-description'  data-responsive-json-new='{\"font-size\":\"\",\"line-height\":\"\"}'  style=\"\">Explorar el valle de Eyne, Angoustrine, T\u00eat o incluso S\u00e9gre le permitir\u00e1 observar flora y fauna como marmotas, muflones y rebecos. Tambi\u00e9n podr\u00e1s refrescarte con un ba\u00f1o.<\/div> <!-- description --><\/div> <!-- aio-icon-box --><\/div> <!-- aio-icon-component -->[\/vc_column][vc_column width=\u00bb1\/2&#8243; css=\u00bb.vc_custom_1561542136892{padding-top: 50px !important;padding-right: 50px !important;padding-bottom: 50px !important;padding-left: 50px !important;}\u00bb][vc_custom_heading text=\u00bb\u00bb font_container=\u00bbtag:h2|text_align:left|color:%233f9a82&#8243; use_theme_fonts=\u00bbyes\u00bb][vc_separator color=\u00bbgreen\u00bb align=\u00bbalign_right\u00bb el_width=\u00bb10&#8243;]<div class=\"aio-icon-component    style_1\"><div id=\"Info-box-wrap-4325\" class=\"aio-icon-box default-icon\" style=\"\"  ><div class=\"aio-icon-default\"><div class=\"ult-just-icon-wrapper  \"><div class=\"align-icon\" style=\"text-align:center;\">\n<div class=\"aio-icon-img \" style=\"font-size:43px;display:inline-block;\" >\n\t<img decoding=\"async\" class=\"img-icon\" alt=\"null\" src=\"https:\/\/www.gitedello.fr\/wp-content\/uploads\/2019\/06\/picto_tapas.png\"\/>\n<\/div><\/div><\/div><\/div><div class=\"aio-icon-header\" ><h3 class=\"aio-icon-title ult-responsive\"  data-ultimate-target='#Info-box-wrap-4325 .aio-icon-title'  data-responsive-json-new='{\"font-size\":\"\",\"line-height\":\"\"}'  style=\"\">Para los aficionados du Farniente &amp; tapas<\/h3><\/div> <!-- header --><div class=\"aio-icon-description ult-responsive\"  data-ultimate-target='#Info-box-wrap-4325 .aio-icon-description'  data-responsive-json-new='{\"font-size\":\"\",\"line-height\":\"\"}'  style=\"\">\u00bfY por qu\u00e9 no un peque\u00f1o viaje a Espa\u00f1a? El cambio de aires est\u00e1 garantizado en el enclave espa\u00f1ol de Llivia, a pocos kil\u00f3metros, para una velada de tapas o un paseo por el t\u00edpico casco antiguo&#8230; A pocos kil\u00f3metros, la ciudad de Puigcerd\u00e0 te har\u00e1 descubrir sus especialidades catalanas espa\u00f1olas con una vista impresionante de las monta\u00f1as.<\/div> <!-- description --><\/div> <!-- aio-icon-box --><\/div> <!-- aio-icon-component --><div class=\"aio-icon-component    style_1\"><div id=\"Info-box-wrap-6811\" class=\"aio-icon-box default-icon\" style=\"\"  ><div class=\"aio-icon-default\"><div class=\"ult-just-icon-wrapper  \"><div class=\"align-icon\" style=\"text-align:center;\">\n<div class=\"aio-icon-img \" style=\"font-size:33px;display:inline-block;\" >\n\t<img decoding=\"async\" class=\"img-icon\" alt=\"null\" src=\"https:\/\/www.gitedello.fr\/wp-content\/uploads\/2018\/05\/patrimoine.png\"\/>\n<\/div><\/div><\/div><\/div><div class=\"aio-icon-header\" ><h3 class=\"aio-icon-title ult-responsive\"  data-ultimate-target='#Info-box-wrap-6811 .aio-icon-title'  data-responsive-json-new='{\"font-size\":\"\",\"line-height\":\"\"}'  style=\"\">Para los amantes de la cultura y el patrimonio... \u00a1Y la ciencia!<\/h3><\/div> <!-- header --><div class=\"aio-icon-description ult-responsive\"  data-ultimate-target='#Info-box-wrap-6811 .aio-icon-description'  data-responsive-json-new='{\"font-size\":\"\",\"line-height\":\"\"}'  style=\"\">Para retroceder en el tiempo, dir\u00edgete a la ermita de San Feliu, Belloc y San Mart\u00ed para descubrir el arte rom\u00e1nico. Tambi\u00e9n podr\u00e1 visitar la ciudadela Vauban de Mont-Louis, los hornos solares de Odeillo y Mont-Louis, el sitio solar del Tour de Themis en Targasonne y dar un paseo en el famoso Tren Amarillo.<\/div> <!-- description --><\/div> <!-- aio-icon-box --><\/div> <!-- aio-icon-component -->[\/vc_column][\/vc_row][vc_row][vc_column][vc_custom_heading text=\u00bbLa gente habla de nosotros\u00bb font_container=\u00bbtag:h2|text_align:left|color:%233f9a82&#8243; use_theme_fonts=\u00bbyes\u00bb][vc_separator color=\u00bbgreen\u00bb align=\u00bbalign_left\u00bb el_width=\u00bb10&#8243;][vc_posts_slider count=\u00bb3&#8243; interval=\u00bb3&#8243; slides_content=\u00bbteaser\u00bb slides_title=\u00bb1&#8243; posttypes=\u00bbpost\u00bb categories=\u00bbPresse,\u00bb][\/vc_column][\/vc_row][vc_row full_width=\u00bbstretch_row_content_no_spaces\u00bb equal_height=\u00bbyes\u00bb content_placement=\u00bbmiddle\u00bb css=\u00bb.vc_custom_1561542343425{padding-top: 30px !important;padding-right: 5% !important;padding-left: 5% !important;}\u00bb][vc_column width=\u00bb1\/5&#8243;][vc_single_image image=\u00bb12129&#8243; img_size=\u00bbfull\u00bb alignment=\u00bbcenter\u00bb][\/vc_column][vc_column width=\u00bb1\/5&#8243;][vc_single_image image=\u00bb12152&#8243; img_size=\u00bbfull\u00bb alignment=\u00bbcenter\u00bb][\/vc_column][vc_column width=\u00bb1\/5&#8243;][vc_single_image image=\u00bb12133&#8243; img_size=\u00bbfull\u00bb alignment=\u00bbcenter\u00bb][\/vc_column][vc_column width=\u00bb1\/5&#8243;][vc_single_image image=\u00bb12131&#8243; img_size=\u00bbfull\u00bb alignment=\u00bbcenter\u00bb][\/vc_column][vc_column width=\u00bb1\/5&#8243;][vc_single_image image=\u00bb12135&#8243; img_size=\u00bbfull\u00bb alignment=\u00bbcenter\u00bb][\/vc_column][\/vc_row][vc_row el_class=\u00bbhome-empty-space\u00bb][vc_column][vc_column_text][\/vc_column_text][\/vc_column][\/vc_row]<\/p>\n<\/div>","protected":false},"excerpt":{"rendered":"<p>[vc_row disable_element=\u00bbyes\u00bb][vc_column][vc_column_text][\/vc_column_text][\/vc_column][\/vc_row][vc_row el_class=\u00bbroom-amenities-margin\u00bb addstyles=\u00bboverflow: visible; z-index: 9;\u00bb css=\u00bb.vc_custom_1724760726452{padding-top: 5px !important;padding-bottom: 10px !important;}\u00bb][vc_column][vc_column_text][\/vc_column_text][\/vc_column][\/vc_row][vc_row equal_height=\u00bbyes\u00bb content_placement=\u00bbmiddle\u00bb css=\u00bb.vc_custom_1563015311708{padding-top: 30px !important;padding-bottom: 100px !important;}\u00bb][vc_column width=\u00bb1\/2&#8243; css=\u00bb.vc_custom_1511866175565{padding-right: 25px !important;}\u00bb][vc_custom_heading text=\u00bb\u00a1Bienvenidos a la Casa Rural de Llo!\u00bb font_container=\u00bbtag:h2|text_align:left|color:%233f9a82&#8243; use_theme_fonts=\u00bbyes\u00bb][vc_separator color=\u00bbgreen\u00bb align=\u00bbalign_left\u00bb el_width=\u00bb10&#8243;][vc_column_text]Le invitamos a alojarse en la antigua escuela del pueblo, un encantador edificio de granito, madera y pizarra, donde podr\u00e1 disfrutar [&hellip;]<\/p>\n","protected":false},"author":1,"featured_media":0,"parent":0,"menu_order":0,"comment_status":"closed","ping_status":"closed","template":"","meta":{"rs_blank_template":"","rs_page_bg_color":"","slide_template_v7":"","footnotes":""},"class_list":["post-12424","page","type-page","status-publish","hentry"],"yoast_head":"<!-- This site is optimized with the Yoast SEO plugin v27.5 - https:\/\/yoast.com\/product\/yoast-seo-wordpress\/ -->\n<title>G\u00eete de Llo - Pirineos Cerda\u00f1a Alquiler para grupos, familias, etc.<\/title>\n<meta name=\"description\" content=\"\u00a1Descubre nuestro alojamiento en Llo, en los Pirineos Orientales! Situada en el coraz\u00f3n de la Cerda\u00f1a, nuestra casa rural te da la bienvenida todo el a\u00f1o.\" \/>\n<meta name=\"robots\" content=\"index, follow, max-snippet:-1, max-image-preview:large, max-video-preview:-1\" \/>\n<link rel=\"canonical\" href=\"https:\/\/www.gitedello.fr\/es\/home\/\" \/>\n<meta property=\"og:locale\" content=\"es_ES\" \/>\n<meta property=\"og:type\" content=\"article\" \/>\n<meta property=\"og:title\" content=\"G\u00eete de Llo - Pirineos Cerda\u00f1a Alquiler para grupos, familias, etc.\" \/>\n<meta property=\"og:description\" content=\"\u00a1Descubre nuestro alojamiento en Llo, en los Pirineos Orientales! Situada en el coraz\u00f3n de la Cerda\u00f1a, nuestra casa rural te da la bienvenida todo el a\u00f1o.\" \/>\n<meta property=\"og:url\" content=\"https:\/\/www.gitedello.fr\/es\/home\/\" \/>\n<meta property=\"og:site_name\" content=\"G\u00eete de Llo\" \/>\n<meta property=\"article:modified_time\" content=\"2025-09-26T14:11:49+00:00\" \/>\n<meta name=\"twitter:card\" content=\"summary_large_image\" \/>\n<meta name=\"twitter:label1\" content=\"Tiempo de lectura\" \/>\n\t<meta name=\"twitter:data1\" content=\"8 minutos\" \/>\n<script type=\"application\/ld+json\" class=\"yoast-schema-graph\">{\"@context\":\"https:\\\/\\\/schema.org\",\"@graph\":[{\"@type\":\"WebPage\",\"@id\":\"https:\\\/\\\/www.gitedello.fr\\\/es\\\/home\\\/\",\"url\":\"https:\\\/\\\/www.gitedello.fr\\\/es\\\/home\\\/\",\"name\":\"G\u00eete de Llo - Pirineos Cerda\u00f1a Alquiler para grupos, familias, etc.\",\"isPartOf\":{\"@id\":\"https:\\\/\\\/www.gitedello.fr\\\/#website\"},\"datePublished\":\"2017-10-23T09:57:22+00:00\",\"dateModified\":\"2025-09-26T14:11:49+00:00\",\"description\":\"\u00a1Descubre nuestro alojamiento en Llo, en los Pirineos Orientales! Situada en el coraz\u00f3n de la Cerda\u00f1a, nuestra casa rural te da la bienvenida todo el a\u00f1o.\",\"breadcrumb\":{\"@id\":\"https:\\\/\\\/www.gitedello.fr\\\/es\\\/home\\\/#breadcrumb\"},\"inLanguage\":\"es\",\"potentialAction\":[{\"@type\":\"ReadAction\",\"target\":[\"https:\\\/\\\/www.gitedello.fr\\\/es\\\/home\\\/\"]}]},{\"@type\":\"BreadcrumbList\",\"@id\":\"https:\\\/\\\/www.gitedello.fr\\\/es\\\/home\\\/#breadcrumb\",\"itemListElement\":[{\"@type\":\"ListItem\",\"position\":1,\"name\":\"Accueil\",\"item\":\"https:\\\/\\\/www.gitedello.fr\\\/es\\\/home\\\/\"},{\"@type\":\"ListItem\",\"position\":2,\"name\":\"Recepcion\"}]},{\"@type\":\"WebSite\",\"@id\":\"https:\\\/\\\/www.gitedello.fr\\\/#website\",\"url\":\"https:\\\/\\\/www.gitedello.fr\\\/\",\"name\":\"G\u00eete de Llo\",\"description\":\"G\u00eetes de Montagne, d&#039;\u00e9tape et de s\u00e9jour\",\"potentialAction\":[{\"@type\":\"SearchAction\",\"target\":{\"@type\":\"EntryPoint\",\"urlTemplate\":\"https:\\\/\\\/www.gitedello.fr\\\/?s={search_term_string}\"},\"query-input\":{\"@type\":\"PropertyValueSpecification\",\"valueRequired\":true,\"valueName\":\"search_term_string\"}}],\"inLanguage\":\"es\"}]}<\/script>\n<!-- \/ Yoast SEO plugin. -->","yoast_head_json":{"title":"G\u00eete de Llo - Pirineos Cerda\u00f1a Alquiler para grupos, familias, etc.","description":"\u00a1Descubre nuestro alojamiento en Llo, en los Pirineos Orientales! Situada en el coraz\u00f3n de la Cerda\u00f1a, nuestra casa rural te da la bienvenida todo el a\u00f1o.","robots":{"index":"index","follow":"follow","max-snippet":"max-snippet:-1","max-image-preview":"max-image-preview:large","max-video-preview":"max-video-preview:-1"},"canonical":"https:\/\/www.gitedello.fr\/es\/home\/","og_locale":"es_ES","og_type":"article","og_title":"G\u00eete de Llo - Pirineos Cerda\u00f1a Alquiler para grupos, familias, etc.","og_description":"\u00a1Descubre nuestro alojamiento en Llo, en los Pirineos Orientales! Situada en el coraz\u00f3n de la Cerda\u00f1a, nuestra casa rural te da la bienvenida todo el a\u00f1o.","og_url":"https:\/\/www.gitedello.fr\/es\/home\/","og_site_name":"G\u00eete de Llo","article_modified_time":"2025-09-26T14:11:49+00:00","twitter_card":"summary_large_image","twitter_misc":{"Tiempo de lectura":"8 minutos"},"schema":{"@context":"https:\/\/schema.org","@graph":[{"@type":"WebPage","@id":"https:\/\/www.gitedello.fr\/es\/home\/","url":"https:\/\/www.gitedello.fr\/es\/home\/","name":"G\u00eete de Llo - Pirineos Cerda\u00f1a Alquiler para grupos, familias, etc.","isPartOf":{"@id":"https:\/\/www.gitedello.fr\/#website"},"datePublished":"2017-10-23T09:57:22+00:00","dateModified":"2025-09-26T14:11:49+00:00","description":"\u00a1Descubre nuestro alojamiento en Llo, en los Pirineos Orientales! Situada en el coraz\u00f3n de la Cerda\u00f1a, nuestra casa rural te da la bienvenida todo el a\u00f1o.","breadcrumb":{"@id":"https:\/\/www.gitedello.fr\/es\/home\/#breadcrumb"},"inLanguage":"es","potentialAction":[{"@type":"ReadAction","target":["https:\/\/www.gitedello.fr\/es\/home\/"]}]},{"@type":"BreadcrumbList","@id":"https:\/\/www.gitedello.fr\/es\/home\/#breadcrumb","itemListElement":[{"@type":"ListItem","position":1,"name":"Accueil","item":"https:\/\/www.gitedello.fr\/es\/home\/"},{"@type":"ListItem","position":2,"name":"Recepcion"}]},{"@type":"WebSite","@id":"https:\/\/www.gitedello.fr\/#website","url":"https:\/\/www.gitedello.fr\/","name":"G\u00eete de Llo","description":"G\u00eetes de Montagne, d&#039;\u00e9tape et de s\u00e9jour","potentialAction":[{"@type":"SearchAction","target":{"@type":"EntryPoint","urlTemplate":"https:\/\/www.gitedello.fr\/?s={search_term_string}"},"query-input":{"@type":"PropertyValueSpecification","valueRequired":true,"valueName":"search_term_string"}}],"inLanguage":"es"}]}},"_links":{"self":[{"href":"https:\/\/www.gitedello.fr\/es\/wp-json\/wp\/v2\/pages\/12424","targetHints":{"allow":["GET"]}}],"collection":[{"href":"https:\/\/www.gitedello.fr\/es\/wp-json\/wp\/v2\/pages"}],"about":[{"href":"https:\/\/www.gitedello.fr\/es\/wp-json\/wp\/v2\/types\/page"}],"author":[{"embeddable":true,"href":"https:\/\/www.gitedello.fr\/es\/wp-json\/wp\/v2\/users\/1"}],"replies":[{"embeddable":true,"href":"https:\/\/www.gitedello.fr\/es\/wp-json\/wp\/v2\/comments?post=12424"}],"version-history":[{"count":39,"href":"https:\/\/www.gitedello.fr\/es\/wp-json\/wp\/v2\/pages\/12424\/revisions"}],"predecessor-version":[{"id":30146,"href":"https:\/\/www.gitedello.fr\/es\/wp-json\/wp\/v2\/pages\/12424\/revisions\/30146"}],"wp:attachment":[{"href":"https:\/\/www.gitedello.fr\/es\/wp-json\/wp\/v2\/media?parent=12424"}],"curies":[{"name":"wp","href":"https:\/\/api.w.org\/{rel}","templated":true}]}}