{"id":13088,"date":"2020-05-05T17:20:28","date_gmt":"2020-05-05T15:20:28","guid":{"rendered":"https:\/\/www.gitedello.fr\/?page_id=13088"},"modified":"2025-12-18T16:15:23","modified_gmt":"2025-12-18T15:15:23","slug":"accommodation","status":"publish","type":"page","link":"https:\/\/www.gitedello.fr\/en\/accommodation\/","title":{"rendered":"Rooms &#038; Rates"},"content":{"rendered":"<div class=\"wpb-content-wrapper\"><p>[vc_row][vc_column][vc_column_text]<\/p>\n<p style=\"text-align: center;\">G\u00eete de Llo offers 16 comfortable rooms as well as a small, separate house nearby, ideal for added privacy.<\/p>\n<p><\/p>\n<p style=\"text-align: center;\">Each room has two sleeping areas and a private bathroom (shower, sink, toilet) for optimal comfort.<\/p>\n<p><\/p>\n<p style=\"text-align: center;\">Depending on the size of your family, group, or group of friends, some rooms will be better suited to your needs\u2014we&#8217;d be happy to help you choose the perfect one.<\/p>\n<p><\/p>\n<p style=\"text-align: center;\">Good to know: for stays of 7 nights or more, enjoy attractive discounts on your accommodation!<\/p>\n<p><\/p>\n<p style=\"text-align: center;\">Enjoy your stay and we look forward to welcoming you back to G\u00eete de Llo soon!<\/p>\n<p>[\/vc_column_text][vc_row_inner content_placement=&#8221;middle&#8221; gap=&#8221;35&#8243; css=&#8221;.vc_custom_1705679278011{margin-bottom: 30px !important;}&#8221;][vc_column_inner el_class=&#8221;shadow-card&#8221; width=&#8221;1\/5&#8243; css=&#8221;.vc_custom_1705677354342{margin-bottom: 0px !important;}&#8221;][vc_column_text css=&#8221;.vc_custom_1713514869793{margin-bottom: 0px !important;padding-top: 20px !important;padding-right: 20px !important;padding-bottom: 20px !important;padding-left: 20px !important;}&#8221;]<\/p>\n<h4 style=\"text-align: center;\"><strong><span style=\"color: #3f9a82;\">Total capacity : 50 people<\/span><\/strong><\/h4>\n<p>[\/vc_column_text][\/vc_column_inner][vc_column_inner el_class=&#8221;shadow-card&#8221; width=&#8221;1\/5&#8243;][vc_column_text css=&#8221;.vc_custom_1713514879733{margin-bottom: 0px !important;padding-top: 20px !important;padding-right: 20px !important;padding-bottom: 20px !important;padding-left: 20px !important;}&#8221;]<\/p>\n<h4 style=\"text-align: center;\"><strong><span style=\"color: #3f9a82;\">Private bathroom !<\/span><\/strong><\/h4>\n<p>[\/vc_column_text][\/vc_column_inner][vc_column_inner el_class=&#8221;shadow-card&#8221; width=&#8221;1\/5&#8243;][vc_column_text css=&#8221;.vc_custom_1713514859183{margin-bottom: 0px !important;}&#8221;]<\/p>\n<h4 style=\"text-align: center;\"><span style=\"color: #3f9a82;\"><strong>+ 1 room accessible to people with reduced mobility on the ground floor<\/strong><\/span><\/h4>\n<p>[\/vc_column_text][\/vc_column_inner][vc_column_inner el_class=&#8221;shadow-card&#8221; width=&#8221;1\/5&#8243;][vc_column_text css=&#8221;.vc_custom_1736759796622{margin-bottom: 0px !important;}&#8221;]<\/p>\n<h4 style=\"text-align: center;\"><span style=\"color: #3f9a82;\"><strong>Cleaning at the end of your stay: included (optional for home)\u00a0<\/strong><\/span><\/h4>\n<p>[\/vc_column_text][\/vc_column_inner][vc_column_inner el_class=&#8221;shadow-card&#8221; width=&#8221;1\/5&#8243;][vc_column_text css=&#8221;.vc_custom_1721828874061{margin-bottom: 0px !important;}&#8221;]<\/p>\n<h4 style=\"text-align: center;\"><span style=\"color: #3f9a82;\"><strong>Night linen included (beds made on arrival)<\/strong><\/span><\/h4>\n<p>[\/vc_column_text][\/vc_column_inner][\/vc_row_inner][\/vc_column][\/vc_row][vc_row][vc_column width=&#8221;1\/3&#8243;]<div class='dt-sc-image-caption type9 '><div class='dt-sc-image-wrapper'><img loading=\"lazy\" decoding=\"async\" width=\"623\" height=\"623\" src=\"https:\/\/www.gitedello.fr\/wp-content\/uploads\/2024\/04\/1.png\" class=\"attachment-full\" alt=\"\" title=\"1\" srcset=\"https:\/\/www.gitedello.fr\/wp-content\/uploads\/2024\/04\/1.png 623w, https:\/\/www.gitedello.fr\/wp-content\/uploads\/2024\/04\/1-300x300.png 300w, https:\/\/www.gitedello.fr\/wp-content\/uploads\/2024\/04\/1-150x150.png 150w\" sizes=\"auto, (max-width: 623px) 100vw, 623px\" \/><div class=\"dt-sc-image-overlay\"><p><ul>\n<li style=\"list-style-type: none;\">\n<ul>\n<li><span style=\"color: #ffffff;\" data-sheets-root=\"1\" data-sheets-value=\"{&quot;1&quot;:2,&quot;2&quot;:&quot;Caract\u00e9ristiques : 1 lit double (140) + 1 lit simple en mezzanine, SDB priv\u00e9e\\n\\nLes plus : Balcon vue Montagne,mezzanine, id\u00e9al pour Couple (+ 1 enfant) De 2 \u00e0 3 pers\\n\\nQuantit\u00e9 : 4 chambres de ce type (Bouillouses, Cambre d'Ase, Llivia, Puigmal)\\n\\nPrix : \u00e0 partir de ...&quot;}\" data-sheets-userformat=\"{&quot;2&quot;:4480,&quot;10&quot;:2,&quot;11&quot;:0,&quot;15&quot;:&quot;Arial&quot;}\"> Caract\u00e9ristiques : 1 lit double (140) + 1 lit simple en mezzanine, salle-de-bain priv\u00e9e. <\/span><\/li>\n<li><span style=\"color: #ffffff;\">Les + : Balcon vue montagne, mezzanine, id\u00e9al pour Couple (+ 1 enfant).<\/span><\/li>\n<li><span style=\"color: #ffffff;\">Pour 2 \u00e0 3 personnes<\/span><\/li>\n<li><span style=\"color: #ffffff;\">Quantit\u00e9 : 4 chambres de ce type\n<\/span><\/li>\n<li><span style=\"color: #ffffff;\">Prix : \u00e0 partir de 89,00\u20ac <em>soit 44,50\u20ac \/ pers. et par nuit<\/em><strong>\u00a0<a href=\"https:\/\/www.gitedello.fr\/reservation\/\"><span style=\"color: #479789;\">R\u00e9server<\/span><\/a><\/strong><\/span><\/li>\n<\/ul>\n<\/li>\n<\/ul><\/p><\/div><\/div><div class='dt-sc-image-content'><div class='dt-sc-image-title'><h3>Chambre Couple<\/h3><\/div><\/div><\/div>[vc_separator][vc_images_carousel images=&#8221;15909,20183,20176&#8243; img_size=&#8221;medium&#8221; slides_per_view=&#8221;3&#8243;][\/vc_column][vc_column width=&#8221;1\/3&#8243;]<div class='dt-sc-image-caption type9 '><div class='dt-sc-image-wrapper'><img loading=\"lazy\" decoding=\"async\" width=\"623\" height=\"623\" src=\"https:\/\/www.gitedello.fr\/wp-content\/uploads\/2024\/04\/4.png\" class=\"attachment-full\" alt=\"\" title=\"4\" srcset=\"https:\/\/www.gitedello.fr\/wp-content\/uploads\/2024\/04\/4.png 623w, https:\/\/www.gitedello.fr\/wp-content\/uploads\/2024\/04\/4-300x300.png 300w, https:\/\/www.gitedello.fr\/wp-content\/uploads\/2024\/04\/4-150x150.png 150w\" sizes=\"auto, (max-width: 623px) 100vw, 623px\" \/><div class=\"dt-sc-image-overlay\"><p><ul>\n<li><span style=\"color: #ffffff;\">Caract\u00e9ristiques : 1 lit double 140 cm +1 lit superpos\u00e9 en mezzanine, salle-de-bain priv\u00e9e<\/span><\/li>\n<li><span style=\"color: #ffffff;\">Les + : Chambre spacieuse, ajout possible d&#8217;un lit parapluie<\/span><\/li>\n<li><span style=\"color: #ffffff;\">Pour les familles de 4 personnes<\/span><\/li>\n<li><span style=\"color: #ffffff;\">Quantit\u00e9 : 3 Chambres de ce type<\/span><\/li>\n<li><span style=\"color: #ffffff;\">Prix : \u00e0 partir de 159\u20ac <em>soit 39.75\u20ac \/ pers. et par nuit <\/em><\/span><strong><a href=\"https:\/\/www.gitedello.fr\/reservation\/\"><span style=\"color: #479789;\">R\u00e9server<\/span><\/a><\/strong><\/li>\n<\/ul><\/p><\/div><\/div><div class='dt-sc-image-content'><div class='dt-sc-image-title'><h3>Chambre Famille<\/h3><\/div><\/div><\/div>[vc_separator][vc_images_carousel images=&#8221;15909,20183,20176&#8243; img_size=&#8221;medium&#8221; slides_per_view=&#8221;3&#8243;][\/vc_column][vc_column width=&#8221;1\/3&#8243;]<div class='dt-sc-image-caption type9 '><div class='dt-sc-image-wrapper'><img loading=\"lazy\" decoding=\"async\" width=\"623\" height=\"623\" src=\"https:\/\/www.gitedello.fr\/wp-content\/uploads\/2024\/04\/5.png\" class=\"attachment-full\" alt=\"\" title=\"5\" srcset=\"https:\/\/www.gitedello.fr\/wp-content\/uploads\/2024\/04\/5.png 623w, https:\/\/www.gitedello.fr\/wp-content\/uploads\/2024\/04\/5-300x300.png 300w, https:\/\/www.gitedello.fr\/wp-content\/uploads\/2024\/04\/5-150x150.png 150w\" sizes=\"auto, (max-width: 623px) 100vw, 623px\" \/><div class=\"dt-sc-image-overlay\"><p><ul>\n<li style=\"list-style-type: none;\">\n<ul>\n<li><span style=\"color: #ffffff;\">Caract\u00e9ristiques : 1 lit double (140) + 1 lit superpos\u00e9 en mezzanine, salle-de-bain priv\u00e9e.<\/span><\/li>\n<li><span style=\"color: #ffffff;\">Les + : Chambre modulable<\/span><\/li>\n<li><span style=\"color: #ffffff;\">Pour 1 \u00e0 3 personnes<\/span><\/li>\n<li><span style=\"color: #ffffff;\">Quantit\u00e9 : 6 chambres de ce type\n<\/span><\/li>\n<li><span style=\"color: #ffffff;\">Prix : \u00e0 partir de 69,00\u20ac <em>(solo)<\/em>, 89,00\u20ac<em> (duo)<\/em>, 133,00\u20ac <em>(trio)<\/em><strong> <a href=\"https:\/\/www.gitedello.fr\/reservation\/\"><span style=\"color: #479789;\">R\u00e9server<\/span><\/a><\/strong><\/span><\/li>\n<\/ul>\n<\/li>\n<\/ul><\/p><\/div><\/div><div class='dt-sc-image-content'><div class='dt-sc-image-title'><h3>Chambre Seule ou entre Amis<\/h3><\/div><\/div><\/div>[vc_separator][vc_images_carousel images=&#8221;15909,20183,20176&#8243; img_size=&#8221;medium&#8221; slides_per_view=&#8221;3&#8243;][\/vc_column][\/vc_row][vc_row][vc_column width=&#8221;1\/3&#8243;]<div class='dt-sc-image-caption type9 '><div class='dt-sc-image-wrapper'><img loading=\"lazy\" decoding=\"async\" width=\"623\" height=\"623\" src=\"https:\/\/www.gitedello.fr\/wp-content\/uploads\/2024\/04\/3-1.png\" class=\"attachment-full\" alt=\"\" title=\"3\" srcset=\"https:\/\/www.gitedello.fr\/wp-content\/uploads\/2024\/04\/3-1.png 623w, https:\/\/www.gitedello.fr\/wp-content\/uploads\/2024\/04\/3-1-300x300.png 300w, https:\/\/www.gitedello.fr\/wp-content\/uploads\/2024\/04\/3-1-150x150.png 150w\" sizes=\"auto, (max-width: 623px) 100vw, 623px\" \/><div class=\"dt-sc-image-overlay\"><p><ul>\n<li style=\"list-style-type: none;\">\n<ul>\n<li><span style=\"color: #ffffff;\" data-sheets-root=\"1\" data-sheets-value=\"{&quot;1&quot;:2,&quot;2&quot;:&quot;Caract\u00e9ristiques :\u00a0 1 lit double (140) + 1 lit simple. En mezzanine : 1 lit superpos\u00e9, SDB priv\u00e9e.\\n\\nLes plus : chambre pratique avec ses grands placards, lit parapluie en SUS , 5 pers\\n\\n\\nQuantit\u00e9 : 1 chambre de ce type (Eyne)\\n\\nPrix : \u00e0 partir de ...&quot;}\" data-sheets-userformat=\"{&quot;2&quot;:4480,&quot;10&quot;:2,&quot;11&quot;:0,&quot;15&quot;:&quot;Arial&quot;}\">Caract\u00e9ristiques :\u00a0 1 lit double (140) + 1 lit simple + 1 lit superpos\u00e9 en mezzanine, salle-de-bain priv\u00e9e.<\/span><\/li>\n<li><span style=\"color: #ffffff;\" data-sheets-root=\"1\" data-sheets-value=\"{&quot;1&quot;:2,&quot;2&quot;:&quot;Caract\u00e9ristiques :\u00a0 1 lit double (140) + 1 lit simple. En mezzanine : 1 lit superpos\u00e9, SDB priv\u00e9e.\\n\\nLes plus : chambre pratique avec ses grands placards, lit parapluie en SUS , 5 pers\\n\\n\\nQuantit\u00e9 : 1 chambre de ce type (Eyne)\\n\\nPrix : \u00e0 partir de ...&quot;}\" data-sheets-userformat=\"{&quot;2&quot;:4480,&quot;10&quot;:2,&quot;11&quot;:0,&quot;15&quot;:&quot;Arial&quot;}\">Les + : chambre pratique avec grands placards, ajout possible d&#8217;un lit parapluie\n<\/span><\/li>\n<li><span style=\"color: #ffffff;\" data-sheets-root=\"1\" data-sheets-value=\"{&quot;1&quot;:2,&quot;2&quot;:&quot;Caract\u00e9ristiques :\u00a0 1 lit double (140) + 1 lit simple. En mezzanine : 1 lit superpos\u00e9, SDB priv\u00e9e.\\n\\nLes plus : chambre pratique avec ses grands placards, lit parapluie en SUS , 5 pers\\n\\n\\nQuantit\u00e9 : 1 chambre de ce type (Eyne)\\n\\nPrix : \u00e0 partir de ...&quot;}\" data-sheets-userformat=\"{&quot;2&quot;:4480,&quot;10&quot;:2,&quot;11&quot;:0,&quot;15&quot;:&quot;Arial&quot;}\">Pour 5 personnes<\/span><\/li>\n<li><span style=\"color: #ffffff;\" data-sheets-root=\"1\" data-sheets-value=\"{&quot;1&quot;:2,&quot;2&quot;:&quot;Caract\u00e9ristiques :\u00a0 1 lit double (140) + 1 lit simple. En mezzanine : 1 lit superpos\u00e9, SDB priv\u00e9e.\\n\\nLes plus : chambre pratique avec ses grands placards, lit parapluie en SUS , 5 pers\\n\\n\\nQuantit\u00e9 : 1 chambre de ce type (Eyne)\\n\\nPrix : \u00e0 partir de ...&quot;}\" data-sheets-userformat=\"{&quot;2&quot;:4480,&quot;10&quot;:2,&quot;11&quot;:0,&quot;15&quot;:&quot;Arial&quot;}\">Quantit\u00e9 : 1 chambre de ce type\n<\/span><\/li>\n<li><span style=\"color: #ffffff;\" data-sheets-root=\"1\" data-sheets-value=\"{&quot;1&quot;:2,&quot;2&quot;:&quot;Caract\u00e9ristiques :\u00a0 1 lit double (140) + 1 lit simple. En mezzanine : 1 lit superpos\u00e9, SDB priv\u00e9e.\\n\\nLes plus : chambre pratique avec ses grands placards, lit parapluie en SUS , 5 pers\\n\\n\\nQuantit\u00e9 : 1 chambre de ce type (Eyne)\\n\\nPrix : \u00e0 partir de ...&quot;}\" data-sheets-userformat=\"{&quot;2&quot;:4480,&quot;10&quot;:2,&quot;11&quot;:0,&quot;15&quot;:&quot;Arial&quot;}\">Prix : \u00e0 partir de 192,00\u20ac <em>soit 38,40\u20ac \/ pers. et par nuit<\/em><strong> <a href=\"https:\/\/www.gitedello.fr\/reservation\/\"><span style=\"color: #479789;\">R\u00e9server<\/span><\/a><\/strong><\/span><\/li>\n<\/ul>\n<\/li>\n<\/ul><\/p><\/div><\/div><div class='dt-sc-image-content'><div class='dt-sc-image-title'><h3>Chambre Tribu<\/h3><\/div><\/div><\/div>[vc_separator][vc_images_carousel images=&#8221;15909,20183,20176&#8243; img_size=&#8221;medium&#8221; slides_per_view=&#8221;3&#8243;][vc_separator][\/vc_column][vc_column width=&#8221;1\/3&#8243;]<div class='dt-sc-image-caption type9 '><div class='dt-sc-image-wrapper'><img loading=\"lazy\" decoding=\"async\" width=\"623\" height=\"623\" src=\"https:\/\/www.gitedello.fr\/wp-content\/uploads\/2024\/04\/2-1.png\" class=\"attachment-full\" alt=\"\" title=\"2\" srcset=\"https:\/\/www.gitedello.fr\/wp-content\/uploads\/2024\/04\/2-1.png 623w, https:\/\/www.gitedello.fr\/wp-content\/uploads\/2024\/04\/2-1-300x300.png 300w, https:\/\/www.gitedello.fr\/wp-content\/uploads\/2024\/04\/2-1-150x150.png 150w\" sizes=\"auto, (max-width: 623px) 100vw, 623px\" \/><div class=\"dt-sc-image-overlay\"><p><ul>\n<li style=\"list-style-type: none;\">\n<ul>\n<li><span style=\"color: #ffffff;\">Caract\u00e9ristiques : 2 lits simples (80), salle-de-bain priv\u00e9e en mezzanine. <\/span><\/li>\n<li><span style=\"color: #ffffff;\">Les + : chambre spacieuse et discr\u00e8te, possibilit\u00e9 d&#8217;ajout d&#8217;un lit parapluie\n<\/span><\/li>\n<li><span style=\"color: #ffffff;\">Pour 1 \u00e0 2 personnes<\/span><\/li>\n<li><span style=\"color: #ffffff;\">Quantit\u00e9 : 1 chambre de ce type<\/span><\/li>\n<li><span style=\"color: #ffffff;\">Prix : \u00e0 partir de 69,00\u20ac <em>(solo),<\/em> 89,00\u20ac <em>(duo)<\/em> <strong><a href=\"https:\/\/www.gitedello.fr\/reservation\/\"><span style=\"color: #479789;\">R\u00e9server<\/span><\/a><\/strong><\/span><\/li>\n<\/ul>\n<\/li>\n<\/ul><\/p><\/div><\/div><div class='dt-sc-image-content'><div class='dt-sc-image-title'><h3>Chambre Twin<\/h3><\/div><\/div><\/div>[vc_separator][vc_images_carousel images=&#8221;15909,20183,20176&#8243; img_size=&#8221;medium&#8221; slides_per_view=&#8221;3&#8243;][vc_separator][\/vc_column][vc_column width=&#8221;1\/3&#8243;]<div class='dt-sc-image-caption type9 '><div class='dt-sc-image-wrapper'><img loading=\"lazy\" decoding=\"async\" width=\"1080\" height=\"1080\" src=\"https:\/\/www.gitedello.fr\/wp-content\/uploads\/2024\/11\/Design-sans-titre.png\" class=\"attachment-full\" alt=\"\" title=\"Design sans titre\" srcset=\"https:\/\/www.gitedello.fr\/wp-content\/uploads\/2024\/11\/Design-sans-titre.png 1080w, https:\/\/www.gitedello.fr\/wp-content\/uploads\/2024\/11\/Design-sans-titre-300x300.png 300w, https:\/\/www.gitedello.fr\/wp-content\/uploads\/2024\/11\/Design-sans-titre-1024x1024.png 1024w, https:\/\/www.gitedello.fr\/wp-content\/uploads\/2024\/11\/Design-sans-titre-150x150.png 150w, https:\/\/www.gitedello.fr\/wp-content\/uploads\/2024\/11\/Design-sans-titre-768x768.png 768w\" sizes=\"auto, (max-width: 1080px) 100vw, 1080px\" \/><div class=\"dt-sc-image-overlay\"><p><ul>\n<li style=\"list-style-type: none;\">\n<ul>\n<li><span style=\"color: #ffffff;\" data-sheets-root=\"1\" data-sheets-value=\"{&quot;1&quot;:2,&quot;2&quot;:&quot;Caract\u00e9ristiques : 1 lit double (140) + 1 lit simple en mezzanine, SDB priv\u00e9e\\n\\nLes plus : Balcon vue Montagne,mezzanine, id\u00e9al pour Couple (+ 1 enfant) De 2 \u00e0 3 pers\\n\\nQuantit\u00e9 : 4 chambres de ce type (Bouillouses, Cambre d'Ase, Llivia, Puigmal)\\n\\nPrix : \u00e0 partir de ...&quot;}\" data-sheets-userformat=\"{&quot;2&quot;:4480,&quot;10&quot;:2,&quot;11&quot;:0,&quot;15&quot;:&quot;Arial&quot;}\">Caract\u00e9ristiques : 1 chambre avec 1 lit double en 160 + 1 chambre cabine avec un lit 140, salle-de-bain et WC s\u00e9par\u00e9s.<\/span><\/li>\n<li><span style=\"color: #ffffff;\">Les + : Terrasse et jardin vue nature et for\u00eat. <\/span><\/li>\n<li><span style=\"color: #ffffff;\">Pour 2 \u00e0 4 personnes\n<\/span><\/li>\n<li><span style=\"color: #ffffff;\">Petit-d\u00e9jeuner &amp; M\u00e9nage <strong>non inclus <\/strong>(Option possible)<\/span><\/li>\n<li><span style=\"color: #000000;\"><span style=\"color: #ffffff;\">Prix : \u00e0 partir de 90,00\u20ac \/ nuit<\/span> <strong><span style=\"color: #339966;\"><a style=\"color: #339966;\" href=\"https:\/\/www.gitedello.fr\/reservation\/\">R\u00e9server<\/a><\/span><\/strong><\/span><\/li>\n<\/ul>\n<\/li>\n<\/ul><\/p><\/div><\/div><div class='dt-sc-image-content'><div class='dt-sc-image-title'><h3>Maison for\u00eat<\/h3><\/div><\/div><\/div>[vc_separator][vc_images_carousel images=&#8221;26830,26821,26827,26836&#8243; img_size=&#8221;medium&#8221; slides_per_view=&#8221;3&#8243; hide_prev_next_buttons=&#8221;yes&#8221; partial_view=&#8221;yes&#8221;][vc_separator][\/vc_column][\/vc_row][vc_row css=&#8221;.vc_custom_1571643294115{margin-top: -20px !important;padding-top: 3% !important;padding-right: 10% !important;padding-left: 10% !important;background: #427676 url(https:\/\/www.gitedello.fr\/wp-content\/uploads\/2019\/10\/tarifs.jpg?id=12495) !important;background-position: 0 0 !important;background-repeat: no-repeat !important;}&#8221;][vc_column width=&#8221;1\/2&#8243;][vc_column_text]<\/p>\n<h2><span style=\"color: #ffffff;\">Our Rates<\/span><\/h2>\n<p><\/p>\n<h4><span style=\"color: #ffffff;\">Download our price list for rooms from 1 to 5 people<\/span><\/h4>\n<p>[\/vc_column_text][\/vc_column][vc_column width=&#8221;1\/2&#8243; css=&#8221;.vc_custom_1571642983800{padding-top: 5% !important;}&#8221;][vc_btn title=&#8221;Download our 2026 rates&#8221; shape=&#8221;square&#8221; color=&#8221;white&#8221; align=&#8221;center&#8221; custom_onclick=&#8221;true&#8221; link=&#8221;url:https%3A%2F%2Fwww.gitedello.fr%2Fwp-content%2Fuploads%2F2025%2F12%2FANG-Tarifs-hebergement-Gite-de-Llo-2026.pdf|title:Rooms%20%26%20Rates|target:_blank|&#8221;][vc_btn title=&#8221;Our General Terms and Conditions of Sale&#8221; shape=&#8221;square&#8221; color=&#8221;white&#8221; align=&#8221;center&#8221; link=&#8221;url:https%3A%2F%2Fwww.gitedello.fr%2Fwp-content%2Fuploads%2F2025%2F11%2FCGV-2026-Individuels-et-Gpes-Hors-Gestion-libre.pdf|title:CGV%20classique|target:_blank|&#8221;][\/vc_column][\/vc_row]<\/p>\n<\/div>","protected":false},"excerpt":{"rendered":"<p>[vc_row][vc_column][vc_column_text] G\u00eete de Llo offers 16 comfortable rooms as well as a small, separate house nearby, ideal for added privacy. Each room has two sleeping areas and a private bathroom (shower, sink, toilet) for optimal comfort. Depending on the size of your family, group, or group of friends, some rooms will be better suited to [&hellip;]<\/p>\n","protected":false},"author":1,"featured_media":0,"parent":0,"menu_order":0,"comment_status":"closed","ping_status":"closed","template":"","meta":{"rs_blank_template":"","rs_page_bg_color":"","slide_template_v7":"","footnotes":""},"class_list":["post-13088","page","type-page","status-publish","hentry"],"yoast_head":"<!-- This site is optimized with the Yoast SEO plugin v27.5 - https:\/\/yoast.com\/product\/yoast-seo-wordpress\/ -->\n<title>Rooms and Rates of the G\u00eete in Llo - Book Your Stay in Cerdagne<\/title>\n<meta name=\"description\" content=\"Discover our rooms at G\u00eete de Llo. A place of relaxation in the Pyrenees, an unforgettable stay in the heart of Cerdanya and a holiday surrounded by nature. As a couple, family or group.\" \/>\n<meta name=\"robots\" content=\"index, follow, max-snippet:-1, max-image-preview:large, max-video-preview:-1\" \/>\n<link rel=\"canonical\" href=\"https:\/\/www.gitedello.fr\/en\/accommodation\/\" \/>\n<meta property=\"og:locale\" content=\"en_US\" \/>\n<meta property=\"og:type\" content=\"article\" \/>\n<meta property=\"og:title\" content=\"Rooms and Rates of the G\u00eete in Llo - Book Your Stay in Cerdagne\" \/>\n<meta property=\"og:description\" content=\"Discover our rooms at G\u00eete de Llo. A place of relaxation in the Pyrenees, an unforgettable stay in the heart of Cerdanya and a holiday surrounded by nature. As a couple, family or group.\" \/>\n<meta property=\"og:url\" content=\"https:\/\/www.gitedello.fr\/en\/accommodation\/\" \/>\n<meta property=\"og:site_name\" content=\"G\u00eete de Llo\" \/>\n<meta property=\"article:modified_time\" content=\"2025-12-18T15:15:23+00:00\" \/>\n<meta name=\"twitter:card\" content=\"summary_large_image\" \/>\n<meta name=\"twitter:label1\" content=\"Est. reading time\" \/>\n\t<meta name=\"twitter:data1\" content=\"8 minutes\" \/>\n<script type=\"application\/ld+json\" class=\"yoast-schema-graph\">{\"@context\":\"https:\\\/\\\/schema.org\",\"@graph\":[{\"@type\":\"WebPage\",\"@id\":\"https:\\\/\\\/www.gitedello.fr\\\/en\\\/accommodation\\\/\",\"url\":\"https:\\\/\\\/www.gitedello.fr\\\/en\\\/accommodation\\\/\",\"name\":\"Rooms and Rates of the G\u00eete in Llo - Book Your Stay in Cerdagne\",\"isPartOf\":{\"@id\":\"https:\\\/\\\/www.gitedello.fr\\\/#website\"},\"datePublished\":\"2020-05-05T15:20:28+00:00\",\"dateModified\":\"2025-12-18T15:15:23+00:00\",\"description\":\"Discover our rooms at G\u00eete de Llo. A place of relaxation in the Pyrenees, an unforgettable stay in the heart of Cerdanya and a holiday surrounded by nature. As a couple, family or group.\",\"breadcrumb\":{\"@id\":\"https:\\\/\\\/www.gitedello.fr\\\/en\\\/accommodation\\\/#breadcrumb\"},\"inLanguage\":\"en-US\",\"potentialAction\":[{\"@type\":\"ReadAction\",\"target\":[\"https:\\\/\\\/www.gitedello.fr\\\/en\\\/accommodation\\\/\"]}]},{\"@type\":\"BreadcrumbList\",\"@id\":\"https:\\\/\\\/www.gitedello.fr\\\/en\\\/accommodation\\\/#breadcrumb\",\"itemListElement\":[{\"@type\":\"ListItem\",\"position\":1,\"name\":\"Accueil\",\"item\":\"https:\\\/\\\/www.gitedello.fr\\\/en\\\/home\\\/\"},{\"@type\":\"ListItem\",\"position\":2,\"name\":\"Rooms &#038; Rates\"}]},{\"@type\":\"WebSite\",\"@id\":\"https:\\\/\\\/www.gitedello.fr\\\/#website\",\"url\":\"https:\\\/\\\/www.gitedello.fr\\\/\",\"name\":\"G\u00eete de Llo\",\"description\":\"G\u00eetes de Montagne, d&#039;\u00e9tape et de s\u00e9jour\",\"potentialAction\":[{\"@type\":\"SearchAction\",\"target\":{\"@type\":\"EntryPoint\",\"urlTemplate\":\"https:\\\/\\\/www.gitedello.fr\\\/?s={search_term_string}\"},\"query-input\":{\"@type\":\"PropertyValueSpecification\",\"valueRequired\":true,\"valueName\":\"search_term_string\"}}],\"inLanguage\":\"en-US\"}]}<\/script>\n<!-- \/ Yoast SEO plugin. -->","yoast_head_json":{"title":"Rooms and Rates of the G\u00eete in Llo - Book Your Stay in Cerdagne","description":"Discover our rooms at G\u00eete de Llo. A place of relaxation in the Pyrenees, an unforgettable stay in the heart of Cerdanya and a holiday surrounded by nature. As a couple, family or group.","robots":{"index":"index","follow":"follow","max-snippet":"max-snippet:-1","max-image-preview":"max-image-preview:large","max-video-preview":"max-video-preview:-1"},"canonical":"https:\/\/www.gitedello.fr\/en\/accommodation\/","og_locale":"en_US","og_type":"article","og_title":"Rooms and Rates of the G\u00eete in Llo - Book Your Stay in Cerdagne","og_description":"Discover our rooms at G\u00eete de Llo. A place of relaxation in the Pyrenees, an unforgettable stay in the heart of Cerdanya and a holiday surrounded by nature. As a couple, family or group.","og_url":"https:\/\/www.gitedello.fr\/en\/accommodation\/","og_site_name":"G\u00eete de Llo","article_modified_time":"2025-12-18T15:15:23+00:00","twitter_card":"summary_large_image","twitter_misc":{"Est. reading time":"8 minutes"},"schema":{"@context":"https:\/\/schema.org","@graph":[{"@type":"WebPage","@id":"https:\/\/www.gitedello.fr\/en\/accommodation\/","url":"https:\/\/www.gitedello.fr\/en\/accommodation\/","name":"Rooms and Rates of the G\u00eete in Llo - Book Your Stay in Cerdagne","isPartOf":{"@id":"https:\/\/www.gitedello.fr\/#website"},"datePublished":"2020-05-05T15:20:28+00:00","dateModified":"2025-12-18T15:15:23+00:00","description":"Discover our rooms at G\u00eete de Llo. A place of relaxation in the Pyrenees, an unforgettable stay in the heart of Cerdanya and a holiday surrounded by nature. As a couple, family or group.","breadcrumb":{"@id":"https:\/\/www.gitedello.fr\/en\/accommodation\/#breadcrumb"},"inLanguage":"en-US","potentialAction":[{"@type":"ReadAction","target":["https:\/\/www.gitedello.fr\/en\/accommodation\/"]}]},{"@type":"BreadcrumbList","@id":"https:\/\/www.gitedello.fr\/en\/accommodation\/#breadcrumb","itemListElement":[{"@type":"ListItem","position":1,"name":"Accueil","item":"https:\/\/www.gitedello.fr\/en\/home\/"},{"@type":"ListItem","position":2,"name":"Rooms &#038; Rates"}]},{"@type":"WebSite","@id":"https:\/\/www.gitedello.fr\/#website","url":"https:\/\/www.gitedello.fr\/","name":"G\u00eete de Llo","description":"G\u00eetes de Montagne, d&#039;\u00e9tape et de s\u00e9jour","potentialAction":[{"@type":"SearchAction","target":{"@type":"EntryPoint","urlTemplate":"https:\/\/www.gitedello.fr\/?s={search_term_string}"},"query-input":{"@type":"PropertyValueSpecification","valueRequired":true,"valueName":"search_term_string"}}],"inLanguage":"en-US"}]}},"_links":{"self":[{"href":"https:\/\/www.gitedello.fr\/en\/wp-json\/wp\/v2\/pages\/13088","targetHints":{"allow":["GET"]}}],"collection":[{"href":"https:\/\/www.gitedello.fr\/en\/wp-json\/wp\/v2\/pages"}],"about":[{"href":"https:\/\/www.gitedello.fr\/en\/wp-json\/wp\/v2\/types\/page"}],"author":[{"embeddable":true,"href":"https:\/\/www.gitedello.fr\/en\/wp-json\/wp\/v2\/users\/1"}],"replies":[{"embeddable":true,"href":"https:\/\/www.gitedello.fr\/en\/wp-json\/wp\/v2\/comments?post=13088"}],"version-history":[{"count":58,"href":"https:\/\/www.gitedello.fr\/en\/wp-json\/wp\/v2\/pages\/13088\/revisions"}],"predecessor-version":[{"id":30621,"href":"https:\/\/www.gitedello.fr\/en\/wp-json\/wp\/v2\/pages\/13088\/revisions\/30621"}],"wp:attachment":[{"href":"https:\/\/www.gitedello.fr\/en\/wp-json\/wp\/v2\/media?parent=13088"}],"curies":[{"name":"wp","href":"https:\/\/api.w.org\/{rel}","templated":true}]}}