{"id":13084,"date":"2020-05-05T17:15:57","date_gmt":"2020-05-05T15:15:57","guid":{"rendered":"https:\/\/www.gitedello.fr\/?page_id=13084"},"modified":"2025-12-18T15:56:35","modified_gmt":"2025-12-18T14:56:35","slug":"having-diner","status":"publish","type":"page","link":"https:\/\/www.gitedello.fr\/en\/having-diner\/","title":{"rendered":"Having diner"},"content":{"rendered":"<div class=\"wpb-content-wrapper\"><p>[vc_row][vc_column][vc_row_inner][vc_column_inner width=&#8221;1\/4&#8243; css=&#8221;.vc_custom_1558017131795{padding-top: 50px !important;padding-right: 30px !important;padding-bottom: 20px !important;padding-left: 30px !important;background-color: #3f9a82 !important;}&#8221;]<div class='dt-sc-icon-box type4 white-text'><div class=\"icon-wrapper\"><img loading=\"lazy\" decoding=\"async\" width=\"46\" height=\"41\" src=\"https:\/\/www.gitedello.fr\/wp-content\/uploads\/2019\/05\/picto_breakfast.png\" class=\"attachment-full\" alt=\"\" title=\"Picto Breakfast\" \/><\/div><div class=\"icon-content\"><p><strong>Breakfast<\/strong><\/p>\n<p>It is included for all reservations.<\/p>\n<p>A full and varied breakfast is served every morning from 7:30 to 9:00.<\/p><\/div><\/div>[\/vc_column_inner][vc_column_inner width=&#8221;3\/4&#8243; css=&#8221;.vc_custom_1558017436903{padding-top: 30px !important;padding-left: 30px !important;}&#8221;][vc_custom_heading text=&#8221;Unique menus with local flavours&#8221; font_container=&#8221;tag:h2|text_align:left|color:%233f9a82&#8243; use_theme_fonts=&#8221;yes&#8221; css=&#8221;.vc_custom_1558018327419{margin-bottom: 5px !important;}&#8221;][vc_custom_heading text=&#8221;Products as much as possible from sustainable agriculture (AB label)&#8221; font_container=&#8221;tag:h4|text_align:left|color:%23a1cd73&#8243; use_theme_fonts=&#8221;yes&#8221; css=&#8221;.vc_custom_1705398231276{margin-bottom: 50px !important;}&#8221;][vc_column_text]<strong>Prices : \u20ac26,50\/adult, \u20ac12\/child from 3 to 9 years old, \u20ac17 from 10 to 14 years old.<\/strong><\/p>\n<p><strong>During the high season, by reservation, at least 24 hours in advance.<\/strong> During the rest of the year, the table d&#8217;h\u00f4tes may be offered on certain evenings. <em>Minimum 8 people.<\/em><br \/>Contact us by email or phone.<br \/><strong>Unique menu :<\/strong> Starter, main course, dessert and herbal tea.<br \/>Adaptation of meals for vegetarians.<br \/>Wines and aperitifs at an additional cost.<br \/><strong>Meals served around 7:30 p.m. \/ 8 p.m.<\/strong><\/p>\n<p>&nbsp;<\/p>\n<p style=\"text-align: center;\"><strong>\u00a0<\/strong><\/p>\n<p>[\/vc_column_text][\/vc_column_inner][\/vc_row_inner][\/vc_column][\/vc_row][vc_row full_width=&#8221;stretch_row&#8221; css=&#8221;.vc_custom_1558017546777{padding-top: 50px !important;background-color: #f8f8f8 !important;}&#8221;][vc_column][vc_row_inner][vc_column_inner width=&#8221;1\/2&#8243;]<div class='dt-sc-icon-box type4 '><div class=\"icon-wrapper\"><img loading=\"lazy\" decoding=\"async\" width=\"80\" height=\"60\" src=\"https:\/\/www.gitedello.fr\/wp-content\/uploads\/2018\/05\/icon-dinner.png\" class=\"attachment-full\" alt=\"\" title=\"Icon Dinner\" \/><\/div><div class=\"icon-content\"><p><strong>Shared kitchen<\/strong><\/p>\n<p>A small <strong>extra<\/strong> kitchen (= emergency kitchen) is on site: (4 hotplates, 2 fridges, 1 small oven). <strong>Symbolic flat rate of \u20ac2 per day and per room.<\/strong> Free for the preparation of hot drinks and\/or bottles for children.<\/p><\/div><\/div>[\/vc_column_inner][vc_column_inner width=&#8221;1\/2&#8243;]<div class='dt-sc-icon-box type4 '><div class=\"icon-wrapper\"><img loading=\"lazy\" decoding=\"async\" width=\"46\" height=\"45\" src=\"https:\/\/www.gitedello.fr\/wp-content\/uploads\/2019\/05\/picto_espaces_conviviaux.png\" class=\"attachment-full\" alt=\"\" title=\"Picto Espaces Conviviaux\" \/><\/div><div class=\"icon-content\"><p><strong>Convivial spaces<\/strong><\/p>\n<p>A living room with fireplace will welcome you for your moments of relaxation (games, library, relaxation).Outside, a wooden terrace and a flower garden.<\/p><\/div><\/div>[\/vc_column_inner][\/vc_row_inner][vc_empty_space][\/vc_column][\/vc_row][vc_row full_width=&#8221;stretch_row&#8221; css=&#8221;.vc_custom_1558017546777{padding-top: 50px !important;background-color: #f8f8f8 !important;}&#8221;][vc_column][vc_custom_heading text=&#8221;OUR SUPPLIERS&#8221; font_container=&#8221;tag:h2|text_align:center|color:%233f9a82&#8243; use_theme_fonts=&#8221;yes&#8221; css=&#8221;.vc_custom_1734021120388{margin-bottom: 5px !important;}&#8221;][vc_row_inner][vc_column_inner width=&#8221;1\/5&#8243;]<div class='dt-sc-icon-box type10 '><div class=\"icon-wrapper\"><span class='fas fa-bread-slice'> <\/span><\/div><div class=\"icon-content\"><h4><a href='https:\/\/www.facebook.com\/people\/Le-fournil-dEyne\/100057123203495\/?_rdr' title='' target='_blank'>Notre pain<\/a><\/h4><p>Our bread comes from\u00a0<a href=\"https:\/\/www.facebook.com\/people\/Le-fournil-dEyne\/100057123203495\/?_rdr\">fournil d\u2019Eyne<\/a> <a href=\"https:\/\/agriculture.gouv.fr\/la-certification-en-agriculture-biologique\">Label AB<\/a> et <a href=\"https:\/\/natureetprogres.org\/?Accueil\">nature et progr\u00e8s.<\/a><\/p><\/div><\/div>[\/vc_column_inner][vc_column_inner width=&#8221;1\/5&#8243;]<div class='dt-sc-icon-box type10 '><div class=\"icon-wrapper\"><span class='fas fa-carrot'> <\/span><\/div><div class=\"icon-content\"><h4><a href='https:\/\/calblanch.com\/' title='' target='_self'><strong>Our Fruits and Vegetables<\/strong><\/a><\/h4><p><strong>Our fruits and vegetables come from<\/strong><a href=\"https:\/\/calblanch.com\/\">\u00a0<span style=\"font-weight: 400;\">Cal Blanch<\/span><\/a> the products are local and\/or organic (AB-certified).<\/p><\/div><\/div>[\/vc_column_inner][vc_column_inner width=&#8221;1\/5&#8243;]<div class='dt-sc-icon-box type10 '><div class=\"icon-wrapper\"><span class='fas fa-drumstick-bite'> <\/span><\/div><div class=\"icon-content\"><h4><a href='https:\/\/www.grange-eyne.com\/' title='' target='_blank'><strong>Our Meat<\/strong><\/a><\/h4><p><strong>Our meat comes from the <\/strong><span style=\"font-weight: 400;\"><a href=\"https:\/\/www.maison-pouget.fr\/bourg-madame\/\">Maison Pouget<\/a> and <a href=\"https:\/\/www.grange-eyne.com\/\">grange d\u2019Eyne<\/a><\/span><\/p><\/div><\/div>[\/vc_column_inner][vc_column_inner width=&#8221;1\/5&#8243;]<div class='dt-sc-icon-box type10 '><div class=\"icon-wrapper\"><span class='fas fa-utensils'> <\/span><\/div><div class=\"icon-content\"><h4>Our dry products<\/h4><p><strong>Our dry products come from <\/strong><span style=\"font-weight: 400;\">Scoop \u00c9pice Label AB and <\/span>loosely, with the aim of reducing our waste.<\/p><\/div><\/div>[\/vc_column_inner][vc_column_inner width=&#8221;1\/5&#8243;]<div class='dt-sc-icon-box type10 '><div class=\"icon-wrapper\"><span class='fas fa-beer'> <\/span><\/div><div class=\"icon-content\"><h4><a href='https:\/\/www.facebook.com\/Brasserieduchoucas' title='' target='_blank'><strong>Our drinks<\/strong><\/a><\/h4><p><strong>Our wine comes from the <\/strong><a href=\"https:\/\/boutique.cazes-rivesaltes.com\/\"><span style=\"font-weight: 400;\">Domaine de Cazes<\/span><\/a> and our beer <a href=\"https:\/\/www.facebook.com\/Brasserieduchoucas\"><span style=\"font-weight: 400;\">Brasserie du Choucas <\/span><\/a><\/p><\/div><\/div>[\/vc_column_inner][\/vc_row_inner][vc_empty_space][\/vc_column][\/vc_row][vc_row css=&#8221;.vc_custom_1571643294115{margin-top: -20px !important;padding-top: 3% !important;padding-right: 10% !important;padding-left: 10% !important;background: #427676 url(https:\/\/www.gitedello.fr\/wp-content\/uploads\/2019\/10\/tarifs.jpg?id=12495) !important;background-position: 0 0 !important;background-repeat: no-repeat !important;}&#8221;][vc_column width=&#8221;1\/2&#8243;][vc_column_text]<\/p>\n<h2><span style=\"color: #ffffff;\">Our Rates<\/span><\/h2>\n<p><\/p>\n<h4><span style=\"color: #ffffff;\">Download our price list for groups of 8 people<\/span><\/h4>\n<p>[\/vc_column_text][\/vc_column][vc_column width=&#8221;1\/2&#8243; css=&#8221;.vc_custom_1571642983800{padding-top: 5% !important;}&#8221;][vc_btn title=&#8221;Download our 2026 rates&#8221; shape=&#8221;square&#8221; color=&#8221;white&#8221; align=&#8221;center&#8221; custom_onclick=&#8221;true&#8221; link=&#8221;url:https%3A%2F%2Fwww.gitedello.fr%2Fwp-content%2Fuploads%2F2025%2F12%2FANG-Tarifs-restauration-GDL-2026.png|title:Rooms%20%26%20Rates|target:_blank|&#8221;][vc_btn title=&#8221;Our General Terms and Conditions of Sale&#8221; shape=&#8221;square&#8221; color=&#8221;white&#8221; align=&#8221;center&#8221; link=&#8221;url:https%3A%2F%2Fwww.gitedello.fr%2Fwp-content%2Fuploads%2F2024%2F11%2FCGV-2024-Individuels-et-Gpes-Hors-Gestion-libre-2.pdf|title:Classic%20CGV%20|target:_blank|&#8221;][\/vc_column][\/vc_row][vc_row full_width=&#8221;stretch_row_content_no_spaces&#8221; css=&#8221;.vc_custom_1527758872991{padding-top: 80px !important;padding-right: 5% !important;padding-left: 5% !important;background-color: #f8f8f8 !important;}&#8221;][vc_column width=&#8221;1\/4&#8243;][vc_single_image image=&#8221;12188&#8243; img_size=&#8221;full&#8221; alignment=&#8221;center&#8221;][\/vc_column][vc_column width=&#8221;1\/4&#8243;][vc_single_image image=&#8221;24862&#8243; img_size=&#8221;full&#8221; alignment=&#8221;center&#8221;][\/vc_column][vc_column width=&#8221;1\/4&#8243;][vc_single_image image=&#8221;12184&#8243; img_size=&#8221;full&#8221; alignment=&#8221;center&#8221;][\/vc_column][vc_column width=&#8221;1\/4&#8243;][vc_single_image image=&#8221;12186&#8243; img_size=&#8221;full&#8221; alignment=&#8221;center&#8221;][\/vc_column][\/vc_row]<\/p>\n<\/div>","protected":false},"excerpt":{"rendered":"<p>[vc_row][vc_column][vc_row_inner][vc_column_inner width=&#8221;1\/4&#8243; css=&#8221;.vc_custom_1558017131795{padding-top: 50px !important;padding-right: 30px !important;padding-bottom: 20px !important;padding-left: 30px !important;background-color: #3f9a82 !important;}&#8221;][\/vc_column_inner][vc_column_inner width=&#8221;3\/4&#8243; css=&#8221;.vc_custom_1558017436903{padding-top: 30px !important;padding-left: 30px !important;}&#8221;][vc_custom_heading text=&#8221;Unique menus with local flavours&#8221; font_container=&#8221;tag:h2|text_align:left|color:%233f9a82&#8243; use_theme_fonts=&#8221;yes&#8221; css=&#8221;.vc_custom_1558018327419{margin-bottom: 5px !important;}&#8221;][vc_custom_heading text=&#8221;Products as much as possible from sustainable agriculture (AB label)&#8221; font_container=&#8221;tag:h4|text_align:left|color:%23a1cd73&#8243; use_theme_fonts=&#8221;yes&#8221; css=&#8221;.vc_custom_1705398231276{margin-bottom: 50px !important;}&#8221;][vc_column_text]Prices : \u20ac26,50\/adult, \u20ac12\/child from 3 to 9 years old, \u20ac17 from [&hellip;]<\/p>\n","protected":false},"author":1,"featured_media":0,"parent":0,"menu_order":0,"comment_status":"closed","ping_status":"closed","template":"","meta":{"rs_blank_template":"","rs_page_bg_color":"","slide_template_v7":"","footnotes":""},"class_list":["post-13084","page","type-page","status-publish","hentry"],"yoast_head":"<!-- This site is optimized with the Yoast SEO plugin v27.5 - https:\/\/yoast.com\/product\/yoast-seo-wordpress\/ -->\n<title>Having diner - G\u00eete de Llo<\/title>\n<meta name=\"description\" content=\"Come and discover our table d&#039;h\u00f4te with fresh and local products. You can eat with a view of the Catalan mountains.\" \/>\n<meta name=\"robots\" content=\"index, follow, max-snippet:-1, max-image-preview:large, max-video-preview:-1\" \/>\n<link rel=\"canonical\" href=\"https:\/\/www.gitedello.fr\/en\/having-diner\/\" \/>\n<meta property=\"og:locale\" content=\"en_US\" \/>\n<meta property=\"og:type\" content=\"article\" \/>\n<meta property=\"og:title\" content=\"Having diner - G\u00eete de Llo\" \/>\n<meta property=\"og:description\" content=\"Come and discover our table d&#039;h\u00f4te with fresh and local products. You can eat with a view of the Catalan mountains.\" \/>\n<meta property=\"og:url\" content=\"https:\/\/www.gitedello.fr\/en\/having-diner\/\" \/>\n<meta property=\"og:site_name\" content=\"G\u00eete de Llo\" \/>\n<meta property=\"article:modified_time\" content=\"2025-12-18T14:56:35+00:00\" \/>\n<meta name=\"twitter:card\" content=\"summary_large_image\" \/>\n<meta name=\"twitter:label1\" content=\"Est. reading time\" \/>\n\t<meta name=\"twitter:data1\" content=\"4 minutes\" \/>\n<script type=\"application\/ld+json\" class=\"yoast-schema-graph\">{\"@context\":\"https:\\\/\\\/schema.org\",\"@graph\":[{\"@type\":\"WebPage\",\"@id\":\"https:\\\/\\\/www.gitedello.fr\\\/en\\\/having-diner\\\/\",\"url\":\"https:\\\/\\\/www.gitedello.fr\\\/en\\\/having-diner\\\/\",\"name\":\"Having diner - G\u00eete de Llo\",\"isPartOf\":{\"@id\":\"https:\\\/\\\/www.gitedello.fr\\\/#website\"},\"datePublished\":\"2020-05-05T15:15:57+00:00\",\"dateModified\":\"2025-12-18T14:56:35+00:00\",\"description\":\"Come and discover our table d'h\u00f4te with fresh and local products. You can eat with a view of the Catalan mountains.\",\"breadcrumb\":{\"@id\":\"https:\\\/\\\/www.gitedello.fr\\\/en\\\/having-diner\\\/#breadcrumb\"},\"inLanguage\":\"en-US\",\"potentialAction\":[{\"@type\":\"ReadAction\",\"target\":[\"https:\\\/\\\/www.gitedello.fr\\\/en\\\/having-diner\\\/\"]}]},{\"@type\":\"BreadcrumbList\",\"@id\":\"https:\\\/\\\/www.gitedello.fr\\\/en\\\/having-diner\\\/#breadcrumb\",\"itemListElement\":[{\"@type\":\"ListItem\",\"position\":1,\"name\":\"Accueil\",\"item\":\"https:\\\/\\\/www.gitedello.fr\\\/en\\\/home\\\/\"},{\"@type\":\"ListItem\",\"position\":2,\"name\":\"Having diner\"}]},{\"@type\":\"WebSite\",\"@id\":\"https:\\\/\\\/www.gitedello.fr\\\/#website\",\"url\":\"https:\\\/\\\/www.gitedello.fr\\\/\",\"name\":\"G\u00eete de Llo\",\"description\":\"G\u00eetes de Montagne, d&#039;\u00e9tape et de s\u00e9jour\",\"potentialAction\":[{\"@type\":\"SearchAction\",\"target\":{\"@type\":\"EntryPoint\",\"urlTemplate\":\"https:\\\/\\\/www.gitedello.fr\\\/?s={search_term_string}\"},\"query-input\":{\"@type\":\"PropertyValueSpecification\",\"valueRequired\":true,\"valueName\":\"search_term_string\"}}],\"inLanguage\":\"en-US\"}]}<\/script>\n<!-- \/ Yoast SEO plugin. -->","yoast_head_json":{"title":"Having diner - G\u00eete de Llo","description":"Come and discover our table d'h\u00f4te with fresh and local products. You can eat with a view of the Catalan mountains.","robots":{"index":"index","follow":"follow","max-snippet":"max-snippet:-1","max-image-preview":"max-image-preview:large","max-video-preview":"max-video-preview:-1"},"canonical":"https:\/\/www.gitedello.fr\/en\/having-diner\/","og_locale":"en_US","og_type":"article","og_title":"Having diner - G\u00eete de Llo","og_description":"Come and discover our table d'h\u00f4te with fresh and local products. You can eat with a view of the Catalan mountains.","og_url":"https:\/\/www.gitedello.fr\/en\/having-diner\/","og_site_name":"G\u00eete de Llo","article_modified_time":"2025-12-18T14:56:35+00:00","twitter_card":"summary_large_image","twitter_misc":{"Est. reading time":"4 minutes"},"schema":{"@context":"https:\/\/schema.org","@graph":[{"@type":"WebPage","@id":"https:\/\/www.gitedello.fr\/en\/having-diner\/","url":"https:\/\/www.gitedello.fr\/en\/having-diner\/","name":"Having diner - G\u00eete de Llo","isPartOf":{"@id":"https:\/\/www.gitedello.fr\/#website"},"datePublished":"2020-05-05T15:15:57+00:00","dateModified":"2025-12-18T14:56:35+00:00","description":"Come and discover our table d'h\u00f4te with fresh and local products. You can eat with a view of the Catalan mountains.","breadcrumb":{"@id":"https:\/\/www.gitedello.fr\/en\/having-diner\/#breadcrumb"},"inLanguage":"en-US","potentialAction":[{"@type":"ReadAction","target":["https:\/\/www.gitedello.fr\/en\/having-diner\/"]}]},{"@type":"BreadcrumbList","@id":"https:\/\/www.gitedello.fr\/en\/having-diner\/#breadcrumb","itemListElement":[{"@type":"ListItem","position":1,"name":"Accueil","item":"https:\/\/www.gitedello.fr\/en\/home\/"},{"@type":"ListItem","position":2,"name":"Having diner"}]},{"@type":"WebSite","@id":"https:\/\/www.gitedello.fr\/#website","url":"https:\/\/www.gitedello.fr\/","name":"G\u00eete de Llo","description":"G\u00eetes de Montagne, d&#039;\u00e9tape et de s\u00e9jour","potentialAction":[{"@type":"SearchAction","target":{"@type":"EntryPoint","urlTemplate":"https:\/\/www.gitedello.fr\/?s={search_term_string}"},"query-input":{"@type":"PropertyValueSpecification","valueRequired":true,"valueName":"search_term_string"}}],"inLanguage":"en-US"}]}},"_links":{"self":[{"href":"https:\/\/www.gitedello.fr\/en\/wp-json\/wp\/v2\/pages\/13084","targetHints":{"allow":["GET"]}}],"collection":[{"href":"https:\/\/www.gitedello.fr\/en\/wp-json\/wp\/v2\/pages"}],"about":[{"href":"https:\/\/www.gitedello.fr\/en\/wp-json\/wp\/v2\/types\/page"}],"author":[{"embeddable":true,"href":"https:\/\/www.gitedello.fr\/en\/wp-json\/wp\/v2\/users\/1"}],"replies":[{"embeddable":true,"href":"https:\/\/www.gitedello.fr\/en\/wp-json\/wp\/v2\/comments?post=13084"}],"version-history":[{"count":33,"href":"https:\/\/www.gitedello.fr\/en\/wp-json\/wp\/v2\/pages\/13084\/revisions"}],"predecessor-version":[{"id":30602,"href":"https:\/\/www.gitedello.fr\/en\/wp-json\/wp\/v2\/pages\/13084\/revisions\/30602"}],"wp:attachment":[{"href":"https:\/\/www.gitedello.fr\/en\/wp-json\/wp\/v2\/media?parent=13084"}],"curies":[{"name":"wp","href":"https:\/\/api.w.org\/{rel}","templated":true}]}}